{"id":693,"date":"2024-12-04T03:57:22","date_gmt":"2024-12-04T03:57:22","guid":{"rendered":"https:\/\/altitudefc.com\/?page_id=693"},"modified":"2024-12-04T03:57:22","modified_gmt":"2024-12-04T03:57:22","slug":"devenir-sauveteur-secouriste-du-travail-2","status":"publish","type":"page","link":"https:\/\/altitudefc.com\/index.php\/devenir-sauveteur-secouriste-du-travail-2\/","title":{"rendered":"Devenir Sauveteur-Secouriste du Travail"},"content":{"rendered":"<p>[et_pb_section fb_built=\u00a0\u00bb1&Prime; theme_builder_area=\u00a0\u00bbpost_content\u00a0\u00bb _builder_version=\u00a0\u00bb4.27.4&Prime; _module_preset=\u00a0\u00bbdefault\u00a0\u00bb][et_pb_row _builder_version=\u00a0\u00bb4.27.4&Prime; _module_preset=\u00a0\u00bbdefault\u00a0\u00bb theme_builder_area=\u00a0\u00bbpost_content\u00a0\u00bb][et_pb_column _builder_version=\u00a0\u00bb4.27.4&Prime; _module_preset=\u00a0\u00bbdefault\u00a0\u00bb type=\u00a0\u00bb4_4&Prime; theme_builder_area=\u00a0\u00bbpost_content\u00a0\u00bb][et_pb_text _builder_version=\u00a0\u00bb4.27.4&Prime; _module_preset=\u00a0\u00bbdefault\u00a0\u00bb theme_builder_area=\u00a0\u00bbpost_content\u00a0\u00bb hover_enabled=\u00a0\u00bb0&Prime; sticky_enabled=\u00a0\u00bb0&Prime;]<\/p>\n<p><span>Le Sauveteur Secouriste du Travail (SST) est un salari\u00e9 de l\u2019entreprise. Son r\u00f4le est de porter les premiers secours \u00e0 toute victime d\u2019un accident du travail ou d\u2019un malaise, mais aussi d\u2019\u00eatre acteur de la pr\u00e9vention dans votre entreprise.<\/span><br \/><span>Pour cela, il doit \u00eatre r\u00e9guli\u00e8rement form\u00e9.<\/span><\/p>\n<p>&nbsp;<\/p>\n<p>Ci-dessous, nos indicateurs de r\u00e9ussite \u00e0 cette formation (\u00e0 d\u00e9cembre 2023 \u2013 Donn\u00e9es issues de l\u2019INRS) :<\/p>\n<p>[\/et_pb_text][et_pb_image src=\u00a0\u00bbhttps:\/\/altitudefc.com\/wp-content\/uploads\/2024\/12\/Statistiques-SST-1.png\u00a0\u00bb _builder_version=\u00a0\u00bb4.27.4&Prime; _module_preset=\u00a0\u00bbdefault\u00a0\u00bb theme_builder_area=\u00a0\u00bbpost_content\u00a0\u00bb title_text=\u00a0\u00bbStatistiques-SST-1&Prime; hover_enabled=\u00a0\u00bb0&Prime; sticky_enabled=\u00a0\u00bb0&Prime; align=\u00a0\u00bbcenter\u00a0\u00bb][\/et_pb_image][\/et_pb_column][\/et_pb_row][et_pb_row column_structure=\u00a0\u00bb1_3,1_3,1_3&Prime; _builder_version=\u00a0\u00bb4.27.4&Prime; _module_preset=\u00a0\u00bbdefault\u00a0\u00bb global_colors_info=\u00a0\u00bb{}\u00a0\u00bb theme_builder_area=\u00a0\u00bbpost_content\u00a0\u00bb][et_pb_column type=\u00a0\u00bb1_3&Prime; _builder_version=\u00a0\u00bb4.27.4&Prime; _module_preset=\u00a0\u00bbdefault\u00a0\u00bb global_colors_info=\u00a0\u00bb{}\u00a0\u00bb theme_builder_area=\u00a0\u00bbpost_content\u00a0\u00bb][et_pb_text _builder_version=\u00a0\u00bb4.27.4&Prime; _module_preset=\u00a0\u00bbdefault\u00a0\u00bb global_colors_info=\u00a0\u00bb{}\u00a0\u00bb theme_builder_area=\u00a0\u00bbpost_content\u00a0\u00bb]<\/p>\n<h3>Objectifs<\/h3>\n<p>A l\u2019issue de la formation, les participants seront en capacit\u00e9 de\u00a0:<\/p>\n<ul>\n<li>Ma\u00eetriser les conduites \u00e0 tenir et les gestes de premiers secours face \u00e0 une situation d\u2019accident de travail ;<\/li>\n<li>Savoir qui et comment alerter en fonction de l\u2019organisation des secours dans l\u2019entreprise\u00a0;<\/li>\n<li>Rep\u00e9rer les situations dangereuses dans son entreprise et savoir \u00e0 qui et comment relayer ces informations\u00a0;<\/li>\n<li>Mettre en application, dans le respect de l\u2019organisation de l\u2019entreprise et des proc\u00e9dures sp\u00e9cifiques, ses comp\u00e9tences en mati\u00e8re de pr\u00e9vention, au profit de la sant\u00e9 et s\u00e9curit\u00e9 au<\/li>\n<\/ul>\n<p>[\/et_pb_text][\/et_pb_column][et_pb_column type=\u00a0\u00bb1_3&Prime; _builder_version=\u00a0\u00bb4.27.4&Prime; _module_preset=\u00a0\u00bbdefault\u00a0\u00bb global_colors_info=\u00a0\u00bb{}\u00a0\u00bb theme_builder_area=\u00a0\u00bbpost_content\u00a0\u00bb][et_pb_text _builder_version=\u00a0\u00bb4.27.4&Prime; _module_preset=\u00a0\u00bbdefault\u00a0\u00bb locked=\u00a0\u00bboff\u00a0\u00bb global_colors_info=\u00a0\u00bb{}\u00a0\u00bb theme_builder_area=\u00a0\u00bbpost_content\u00a0\u00bb]<\/p>\n<h3>Contenu<\/h3>\n<p>1. Identifier le r\u00f4le du Sauveteur Secouriste du Travail<br \/>2.A Pr\u00e9venir les risques<br \/>2.B Situations inh\u00e9rentes aux risques sp\u00e9cifiques<br \/>3. D\u00e9terminer les risques persistants<br \/>4. Donner l\u2019alerte<br \/>5. G\u00e9rer un \u00e9touffement<br \/>6. G\u00e9rer des saignements abondants<br \/>7. G\u00e9rer une victime inconsciente<br \/>8. G\u00e9rer un malaise<br \/>9. G\u00e9rer un traumatisme<br \/>10. G\u00e9rer une br\u00fblure<br \/>11. Mises en situation<\/p>\n<p>[\/et_pb_text][\/et_pb_column][et_pb_column type=\u00a0\u00bb1_3&Prime; _builder_version=\u00a0\u00bb4.27.4&Prime; _module_preset=\u00a0\u00bbdefault\u00a0\u00bb global_colors_info=\u00a0\u00bb{}\u00a0\u00bb theme_builder_area=\u00a0\u00bbpost_content\u00a0\u00bb][et_pb_text _builder_version=\u00a0\u00bb4.27.4&Prime; _module_preset=\u00a0\u00bbdefault\u00a0\u00bb global_colors_info=\u00a0\u00bb{}\u00a0\u00bb theme_builder_area=\u00a0\u00bbpost_content\u00a0\u00bb]<\/p>\n<h3>Modalit\u00e9s d\u2019acc\u00e8s<\/h3>\n<p>&#8211; En INTRA : Groupe de minimum 5 personnes \u00e0 10 personnes maximum. Formation possible dans vos locaux (nous consulter)<\/p>\n<p>&#8211; En INTER : la formation sera mise en place sous r\u00e9serve d\u2019atteindre un quota de 6 participants minimum par groupe (formation dans les locaux d\u2019ALTITUDE)<\/p>\n<p>&#8211; Cette formation n\u00e9cessite une d\u00e9claration pr\u00e9alable aupr\u00e8s de l\u2019INRS au moins 15 jours avant le d\u00e9marrage de la formation.<\/p>\n<p>[\/et_pb_text][\/et_pb_column][\/et_pb_row][et_pb_row column_structure=\u00a0\u00bb1_3,1_3,1_3&Prime; _builder_version=\u00a0\u00bb4.27.4&Prime; _module_preset=\u00a0\u00bbdefault\u00a0\u00bb global_colors_info=\u00a0\u00bb{}\u00a0\u00bb theme_builder_area=\u00a0\u00bbpost_content\u00a0\u00bb][et_pb_column type=\u00a0\u00bb1_3&Prime; _builder_version=\u00a0\u00bb4.27.4&Prime; _module_preset=\u00a0\u00bbdefault\u00a0\u00bb global_colors_info=\u00a0\u00bb{}\u00a0\u00bb theme_builder_area=\u00a0\u00bbpost_content\u00a0\u00bb][et_pb_text _builder_version=\u00a0\u00bb4.27.4&Prime; _module_preset=\u00a0\u00bbdefault\u00a0\u00bb global_colors_info=\u00a0\u00bb{}\u00a0\u00bb theme_builder_area=\u00a0\u00bbpost_content\u00a0\u00bb]<\/p>\n<h3>Dur\u00e9e<\/h3>\n<p>14 heures soit 2 jours \u00a0en pr\u00e9sentiel, en continu ou en discontinu<\/p>\n<p>[\/et_pb_text][\/et_pb_column][et_pb_column type=\u00a0\u00bb1_3&Prime; _builder_version=\u00a0\u00bb4.27.4&Prime; _module_preset=\u00a0\u00bbdefault\u00a0\u00bb global_colors_info=\u00a0\u00bb{}\u00a0\u00bb theme_builder_area=\u00a0\u00bbpost_content\u00a0\u00bb][et_pb_text _builder_version=\u00a0\u00bb4.27.4&Prime; _module_preset=\u00a0\u00bbdefault\u00a0\u00bb locked=\u00a0\u00bboff\u00a0\u00bb global_colors_info=\u00a0\u00bb{}\u00a0\u00bb theme_builder_area=\u00a0\u00bbpost_content\u00a0\u00bb]<\/p>\n<h3>Pr\u00e9requis<\/h3>\n<p>Cette formation ne n\u00e9cessite pas de pr\u00e9requis<\/p>\n<p>[\/et_pb_text][\/et_pb_column][et_pb_column type=\u00a0\u00bb1_3&Prime; _builder_version=\u00a0\u00bb4.27.4&Prime; _module_preset=\u00a0\u00bbdefault\u00a0\u00bb global_colors_info=\u00a0\u00bb{}\u00a0\u00bb theme_builder_area=\u00a0\u00bbpost_content\u00a0\u00bb][et_pb_text _builder_version=\u00a0\u00bb4.27.4&Prime; _module_preset=\u00a0\u00bbdefault\u00a0\u00bb global_colors_info=\u00a0\u00bb{}\u00a0\u00bb theme_builder_area=\u00a0\u00bbpost_content\u00a0\u00bb]<\/p>\n<h3>Cible<\/h3>\n<p>Tout salari\u00e9 de l\u2019entreprise.<\/p>\n<p>[\/et_pb_text][\/et_pb_column][\/et_pb_row][et_pb_row _builder_version=\u00a0\u00bb4.27.4&Prime; _module_preset=\u00a0\u00bbdefault\u00a0\u00bb theme_builder_area=\u00a0\u00bbpost_content\u00a0\u00bb][et_pb_column _builder_version=\u00a0\u00bb4.27.4&Prime; _module_preset=\u00a0\u00bbdefault\u00a0\u00bb type=\u00a0\u00bb4_4&Prime; theme_builder_area=\u00a0\u00bbpost_content\u00a0\u00bb][et_pb_text _builder_version=\u00a0\u00bb4.27.4&Prime; _module_preset=\u00a0\u00bbdefault\u00a0\u00bb theme_builder_area=\u00a0\u00bbpost_content\u00a0\u00bb hover_enabled=\u00a0\u00bb0&Prime; sticky_enabled=\u00a0\u00bb0&Prime;]<\/p>\n<h1>Modalit\u00e9s, moyens et m\u00e9thodes mobilis\u00e9es et modalit\u00e9s d\u2019\u00e9valuation :<\/h1>\n<p>[\/et_pb_text][\/et_pb_column][\/et_pb_row][et_pb_row column_structure=\u00a0\u00bb1_3,1_3,1_3&Prime; _builder_version=\u00a0\u00bb4.27.4&Prime; _module_preset=\u00a0\u00bbdefault\u00a0\u00bb global_colors_info=\u00a0\u00bb{}\u00a0\u00bb theme_builder_area=\u00a0\u00bbpost_content\u00a0\u00bb][et_pb_column type=\u00a0\u00bb1_3&Prime; _builder_version=\u00a0\u00bb4.27.4&Prime; _module_preset=\u00a0\u00bbdefault\u00a0\u00bb global_colors_info=\u00a0\u00bb{}\u00a0\u00bb theme_builder_area=\u00a0\u00bbpost_content\u00a0\u00bb][et_pb_text _builder_version=\u00a0\u00bb4.27.4&Prime; _module_preset=\u00a0\u00bbdefault\u00a0\u00bb global_colors_info=\u00a0\u00bb{}\u00a0\u00bb theme_builder_area=\u00a0\u00bbpost_content\u00a0\u00bb]<\/p>\n<h3><span><b>Moyens p\u00e9dagogiques et techniques :<\/b><\/span><\/h3>\n<p>&#8211; Accueil des stagiaires dans une salle d\u00e9di\u00e9e \u00e0 la formation.<br \/>&#8211; Documents supports de formation projet\u00e9s.<br \/>&#8211; Expos\u00e9s th\u00e9oriques<br \/>&#8211; Etude de cas concrets<br \/>&#8211; Quiz en salle<br \/>&#8211; Le formateur sollicite \u00e9galement la m\u00e9thode active qui prend en compte les caract\u00e9ristiques individuelles et les acquis des candidats. Elle sert aussi lorsqu\u2019il cr\u00e9\u00e9 un sc\u00e9nario avec du mat\u00e9riel p\u00e9dagogiques. L\u2019apprentissage se r\u00e9alise par t\u00e2tonnement par le candidat ou le groupe.<br \/>&#8211; Transmission par courrier \u00e9lectronique de documents supports \u00e0 la suite de la formation.<br \/>&#8211; Utilisation de mat\u00e9riel sp\u00e9cifique \u00e0 la formation (pour mises en situations et d\u00e9monstrations) :\u00a0D\u00e9fibrillateur,\u00a0Mannequins adulte, enfant, nourrisson,\u00a0Maquillage, Plan d\u2019intervention du SST,\u00a0Visionnage de vid\u00e9os de l\u2019INRS,\u00a0Etc..<\/p>\n<p>[\/et_pb_text][\/et_pb_column][et_pb_column type=\u00a0\u00bb1_3&Prime; _builder_version=\u00a0\u00bb4.27.4&Prime; _module_preset=\u00a0\u00bbdefault\u00a0\u00bb global_colors_info=\u00a0\u00bb{}\u00a0\u00bb theme_builder_area=\u00a0\u00bbpost_content\u00a0\u00bb][et_pb_text _builder_version=\u00a0\u00bb4.27.4&Prime; _module_preset=\u00a0\u00bbdefault\u00a0\u00bb locked=\u00a0\u00bboff\u00a0\u00bb global_colors_info=\u00a0\u00bb{}\u00a0\u00bb theme_builder_area=\u00a0\u00bbpost_content\u00a0\u00bb]<\/p>\n<h3><b>Dispositif de suivi de l\u2019ex\u00e9cution et d\u2019\u00e9valuation des r\u00e9sultats de la formation :<\/b><\/h3>\n<p>&#8211; Feuilles de pr\u00e9sence,<br \/>&#8211; Mises en situation,<br \/>&#8211; Formulaire d\u2019\u00e9valuation de la formation,<\/p>\n<p>\u2022 Les crit\u00e8res d\u2019\u00e9valuation sont transcrits dans le document \u00ab Grille de certification des comp\u00e9tences du SST \u00bb.<br \/>\u2022 Seuls les candidats qui ont suivi la totalit\u00e9 de la formation et qui ont satisfait aux \u00e9preuves certificatives dans leur int\u00e9gralit\u00e9, peuvent pr\u00e9tendre \u00e0 l\u2019obtention du certificat SST.<\/p>\n<p>Epreuve certificative :<br \/>\u2022 Epreuve n\u00b01 : Lors d\u2019une mise en situation d\u2019accidents simul\u00e9s, le candidat devra montrer sa capacit\u00e9 \u00e0 mettre en \u0153uvre l\u2019int\u00e9gralit\u00e9 des comp\u00e9tences lui permettant d\u2019intervenir efficacement.<br \/>\u2022 Epreuve n\u00b02 : Lors d\u2019un entretien avec le formateur, le candidat devra r\u00e9pondre \u00e0 un questionnement simple portant sur sa connaissance du cadre r\u00e9glementaire de l\u2019activit\u00e9 SST et ses comp\u00e9tences en mati\u00e8re de pr\u00e9vention.<\/p>\n<p>&#8211; A l\u2019issue de la formation, si les participants ont satisfait aux exigences des \u00e9preuves certificatives, le r\u00e9seau de l\u2019Assurance maladie risques professionnels \/ l\u2019INRS leur d\u00e9livrent un certificat de \u00ab Sauveteur Secouriste du Travail \u00bb.<br \/>Les crit\u00e8res d\u2019\u00e9valuation utilis\u00e9s pour cette validation sont ceux d\u00e9finis par l\u2019INRS, dans le r\u00e9f\u00e9rentiel de formation des Sauveteurs Secouristes du Travail.<br \/>ALTITUDE est habilit\u00e9e SST par l\u2019INRS sous le num\u00e9ro 980025\/2016\/SST-01\/O\/21.<\/p>\n<p>Ce certificat est valable 24 mois au niveau national. Ce certificat, pour rester valable, impose de maintenir et actualiser ses comp\u00e9tences.<\/p>\n<p>[\/et_pb_text][\/et_pb_column][et_pb_column type=\u00a0\u00bb1_3&Prime; _builder_version=\u00a0\u00bb4.27.4&Prime; _module_preset=\u00a0\u00bbdefault\u00a0\u00bb global_colors_info=\u00a0\u00bb{}\u00a0\u00bb theme_builder_area=\u00a0\u00bbpost_content\u00a0\u00bb][et_pb_text _builder_version=\u00a0\u00bb4.27.4&Prime; _module_preset=\u00a0\u00bbdefault\u00a0\u00bb global_colors_info=\u00a0\u00bb{}\u00a0\u00bb theme_builder_area=\u00a0\u00bbpost_content\u00a0\u00bb]<\/p>\n<h3><b>Profil du formateur :<\/b><\/h3>\n<p>Titres et Qualifications:<br \/>&#8211; Certificat d\u2019Aptitude P\u00e9dagogique Sauveteur Secouriste du Travail<br \/>&#8211; Certificat d\u2019aptitude Animateur Formateur PRAP IBC<br \/>&#8211; Certificat de Tuteur en Hygi\u00e8ne et s\u00e9curit\u00e9<br \/>&#8211; Dipl\u00f4me d\u2019Agent des services de s\u00e9curit\u00e9 incendie et assistance \u00e0 personnes (S.S.I.A.P.1)<br \/>&#8211; Formateur \u00e0 la premi\u00e8re intervention<br \/>&#8211; Formateur en Comp\u00e9tence de base en Pr\u00e9vention<br \/>&#8211; Formateur \u00e0 l\u2019\u00e9valuation des risques professionnels<br \/>&#8211; Animateur projet de pr\u00e9vention des Troubles musculosquelettiques<\/p>\n<p>[\/et_pb_text][\/et_pb_column][\/et_pb_row][et_pb_row column_structure=\u00a0\u00bb3_4,1_4&Prime; _builder_version=\u00a0\u00bb4.27.4&Prime; _module_preset=\u00a0\u00bbdefault\u00a0\u00bb custom_padding=\u00a0\u00bb11px|17px|11px|17px|true|true\u00a0\u00bb border_width_all=\u00a0\u00bb1px\u00a0\u00bb border_color_all=\u00a0\u00bbrgba(0,0,0,0.12)\u00a0\u00bb global_colors_info=\u00a0\u00bb{}\u00a0\u00bb theme_builder_area=\u00a0\u00bbpost_content\u00a0\u00bb][et_pb_column type=\u00a0\u00bb3_4&Prime; _builder_version=\u00a0\u00bb4.27.4&Prime; _module_preset=\u00a0\u00bbdefault\u00a0\u00bb global_colors_info=\u00a0\u00bb{}\u00a0\u00bb theme_builder_area=\u00a0\u00bbpost_content\u00a0\u00bb][et_pb_text _builder_version=\u00a0\u00bb4.27.4&Prime; _module_preset=\u00a0\u00bbdefault\u00a0\u00bb global_colors_info=\u00a0\u00bb{}\u00a0\u00bb theme_builder_area=\u00a0\u00bbpost_content\u00a0\u00bb]<\/p>\n<h2>Notre \u00e9quipe est \u00e0 votre disposition pour r\u00e9pondre \u00e0 toute autre question au sujet de ces formations.<\/h2>\n<p>[\/et_pb_text][\/et_pb_column][et_pb_column type=\u00a0\u00bb1_4&Prime; _builder_version=\u00a0\u00bb4.27.4&Prime; _module_preset=\u00a0\u00bbdefault\u00a0\u00bb global_colors_info=\u00a0\u00bb{}\u00a0\u00bb theme_builder_area=\u00a0\u00bbpost_content\u00a0\u00bb][et_pb_button button_url=\u00a0\u00bbhttps:\/\/altitudefc.com\/index.php\/contact\u00a0\u00bb button_text=\u00a0\u00bbCONTACTEZ-NOUS\u00a0\u00bb button_alignment=\u00a0\u00bbcenter\u00a0\u00bb _builder_version=\u00a0\u00bb4.27.4&Prime; _module_preset=\u00a0\u00bbdefault\u00a0\u00bb custom_button=\u00a0\u00bbon\u00a0\u00bb button_text_size=\u00a0\u00bb17px\u00a0\u00bb button_text_color=\u00a0\u00bb#FFFFFF\u00a0\u00bb button_bg_color=\u00a0\u00bb#b51dd3&Prime; button_border_radius=\u00a0\u00bb13px\u00a0\u00bb custom_margin=\u00a0\u00bb14px||||false|false\u00a0\u00bb global_colors_info=\u00a0\u00bb{}\u00a0\u00bb theme_builder_area=\u00a0\u00bbpost_content\u00a0\u00bb][\/et_pb_button][\/et_pb_column][\/et_pb_row][\/et_pb_section]<\/p>\n","protected":false},"excerpt":{"rendered":"<p>Le Sauveteur Secouriste du Travail (SST) est un salari\u00e9 de l\u2019entreprise. Son r\u00f4le est de porter les premiers secours \u00e0 toute victime d\u2019un accident du travail ou d\u2019un malaise, mais aussi d\u2019\u00eatre acteur de la pr\u00e9vention dans votre entreprise.Pour cela, il doit \u00eatre r\u00e9guli\u00e8rement form\u00e9. &nbsp; Ci-dessous, nos indicateurs de r\u00e9ussite \u00e0 cette formation (\u00e0 [&hellip;]<\/p>\n","protected":false},"author":1,"featured_media":0,"parent":0,"menu_order":0,"comment_status":"closed","ping_status":"closed","template":"","meta":{"_et_pb_use_builder":"on","_et_pb_old_content":"","_et_gb_content_width":"","footnotes":""},"class_list":["post-693","page","type-page","status-publish","hentry"],"_links":{"self":[{"href":"https:\/\/altitudefc.com\/index.php\/wp-json\/wp\/v2\/pages\/693","targetHints":{"allow":["GET"]}}],"collection":[{"href":"https:\/\/altitudefc.com\/index.php\/wp-json\/wp\/v2\/pages"}],"about":[{"href":"https:\/\/altitudefc.com\/index.php\/wp-json\/wp\/v2\/types\/page"}],"author":[{"embeddable":true,"href":"https:\/\/altitudefc.com\/index.php\/wp-json\/wp\/v2\/users\/1"}],"replies":[{"embeddable":true,"href":"https:\/\/altitudefc.com\/index.php\/wp-json\/wp\/v2\/comments?post=693"}],"version-history":[{"count":2,"href":"https:\/\/altitudefc.com\/index.php\/wp-json\/wp\/v2\/pages\/693\/revisions"}],"predecessor-version":[{"id":696,"href":"https:\/\/altitudefc.com\/index.php\/wp-json\/wp\/v2\/pages\/693\/revisions\/696"}],"wp:attachment":[{"href":"https:\/\/altitudefc.com\/index.php\/wp-json\/wp\/v2\/media?parent=693"}],"curies":[{"name":"wp","href":"https:\/\/api.w.org\/{rel}","templated":true}]}}