{"id":690,"date":"2024-12-04T03:45:38","date_gmt":"2024-12-04T03:45:38","guid":{"rendered":"https:\/\/altitudefc.com\/?page_id=690"},"modified":"2024-12-04T03:45:38","modified_gmt":"2024-12-04T03:45:38","slug":"mieux-salimenter-les-clefs-dune-alimentation-plus-saine","status":"publish","type":"page","link":"https:\/\/altitudefc.com\/index.php\/mieux-salimenter-les-clefs-dune-alimentation-plus-saine\/","title":{"rendered":"Mieux s\u2019alimenter : les clefs d\u2019une alimentation plus saine"},"content":{"rendered":"<p>[et_pb_section fb_built=\u00a0\u00bb1&Prime; _builder_version=\u00a0\u00bb4.27.4&Prime; _module_preset=\u00a0\u00bbdefault\u00a0\u00bb global_colors_info=\u00a0\u00bb{}\u00a0\u00bb theme_builder_area=\u00a0\u00bbpost_content\u00a0\u00bb][et_pb_row _builder_version=\u00a0\u00bb4.27.4&Prime; _module_preset=\u00a0\u00bbdefault\u00a0\u00bb global_colors_info=\u00a0\u00bb{}\u00a0\u00bb theme_builder_area=\u00a0\u00bbpost_content\u00a0\u00bb][et_pb_column type=\u00a0\u00bb4_4&Prime; _builder_version=\u00a0\u00bb4.27.4&Prime; _module_preset=\u00a0\u00bbdefault\u00a0\u00bb global_colors_info=\u00a0\u00bb{}\u00a0\u00bb theme_builder_area=\u00a0\u00bbpost_content\u00a0\u00bb][et_pb_text _builder_version=\u00a0\u00bb4.27.4&Prime; _module_preset=\u00a0\u00bbdefault\u00a0\u00bb hover_enabled=\u00a0\u00bb0&Prime; global_colors_info=\u00a0\u00bb{}\u00a0\u00bb theme_builder_area=\u00a0\u00bbpost_content\u00a0\u00bb sticky_enabled=\u00a0\u00bb0&Prime;]<\/p>\n<p><span>Une alimentation saine et \u00e9quilibr\u00e9e contribue \u00e0 une meilleure sant\u00e9 et favorise une bonne qualit\u00e9 de vie.<\/span><\/p>\n<p>[\/et_pb_text][\/et_pb_column][\/et_pb_row][et_pb_row _builder_version=\u00a0\u00bb4.27.4&Prime; _module_preset=\u00a0\u00bbdefault\u00a0\u00bb global_colors_info=\u00a0\u00bb{}\u00a0\u00bb theme_builder_area=\u00a0\u00bbpost_content\u00a0\u00bb][et_pb_column type=\u00a0\u00bb4_4&Prime; _builder_version=\u00a0\u00bb4.27.4&Prime; _module_preset=\u00a0\u00bbdefault\u00a0\u00bb global_colors_info=\u00a0\u00bb{}\u00a0\u00bb theme_builder_area=\u00a0\u00bbpost_content\u00a0\u00bb][et_pb_text _builder_version=\u00a0\u00bb4.27.4&Prime; _module_preset=\u00a0\u00bbdefault\u00a0\u00bb global_colors_info=\u00a0\u00bb{}\u00a0\u00bb theme_builder_area=\u00a0\u00bbpost_content\u00a0\u00bb]<\/p>\n<h2>Objectifs :<\/h2>\n<p>Assurer des conseils dans le domaine de la Di\u00e9t\u00e9tique et Nutrition.<\/p>\n<h2>Pr\u00e9-requis :<\/h2>\n<p>Cette formation ne n\u00e9cessite pas de pr\u00e9requis<\/p>\n<h2>Cible :<\/h2>\n<p>Toute personne souhaitant des conseils dans le domaine de la Di\u00e9t\u00e9tique et la Nutrition.<\/p>\n<h2>Dur\u00e9e :<\/h2>\n<p>3 jours soit 21 heures espac\u00e9es dans le temps.<\/p>\n<h2>Contenu :<\/h2>\n<p>&#8211; D\u00e9finitions,<br \/>&#8211; Les nutriments: structure, r\u00f4le, valeur nutritionnelle, source,<br \/>&#8211; Les groupes d\u2019aliments et leurs caract\u00e9ristiques,<br \/>&#8211; Les bases de l\u2019\u00e9quilibre alimentaire,<br \/>&#8211; Physiologie,<br \/>&#8211; Les besoins nutritionnels,<br \/>&#8211; L\u2019alimentation actuelle,<br \/>&#8211; Alimentation et situations particuli\u00e8res : besoins sp\u00e9cifiques en suppl\u00e9mentation,<br \/>&#8211; Les produits di\u00e9t\u00e9tiques et les compl\u00e9ments alimentaires,<br \/>&#8211; Les produits di\u00e9t\u00e9tiques et de r\u00e9gime,<br \/>&#8211; Les compl\u00e9ments alimentaires.<\/p>\n<h2>Modalit\u00e9s d\u2019acc\u00e8s :<\/h2>\n<p>Formation possible en individuel \/ \u00e0 la carte<\/p>\n<h2>Constitution des groupes :<\/h2>\n<p>&#8211; En INTRA : Groupe de 12 personnes maximum. Formation possible dans vos locaux (nous consulter)<br \/>D\u00e9lais d\u2019acc\u00e8s : en fonction des disponibilit\u00e9s des collaborateurs et du consultant-formateur<br \/>&#8211; En INTER : la formation sera mise en place sous r\u00e9serve d\u2019atteindre un quota de 8 participants minimum par groupe (formation dans les locaux d\u2019ALTITUDE)<br \/>D\u00e9lais d\u2019acc\u00e8s :\u00a0en fonction des disponibilit\u00e9s du consultant-formateur et sous r\u00e9serve d\u2019atteindre le quota de participants<br \/>&#8211; Formule personnalis\u00e9e &#8211;\u00a0D\u00e9lais d\u2019acc\u00e8s : en fonction des disponibilit\u00e9s du demandeur et de celles du consultant-formateur<\/p>\n<h1>Modalit\u00e9s, moyens et m\u00e9thodes mobilis\u00e9es et modalit\u00e9s d\u2019\u00e9valuation :<\/h1>\n<h2>Approche et m\u00e9thodes p\u00e9dagogiques :<\/h2>\n<h3><strong>En amont de la formation :<\/strong><\/h3>\n<p>Dans tous les cas, un audit t\u00e9l\u00e9phonique pr\u00e9alable nous permet de d\u00e9terminer et fixer la meilleure approche p\u00e9dagogique pour atteindre une qualit\u00e9 de formation optimale \u2013 Test de positionnement<\/p>\n<p>Le cours sera dispens\u00e9 dans un langage simple et clair avec l\u2019introduction de termes techniques \u00e0 conna\u00eetre et \u00e0 ma\u00eetriser.<br \/>La th\u00e9orie sera illustr\u00e9e par des mises en situations concr\u00e8tes.<\/p>\n<p>&#8211; Accueil des stagiaires dans une salle d\u00e9di\u00e9e \u00e0 la formation.<br \/>&#8211; Les apports th\u00e9oriques sont suivis de mises en pratique.<br \/>&#8211; Jeux ludiques \u00e0 vis\u00e9e p\u00e9dagogique<br \/>&#8211; Tests, Quiz en salle<br \/>&#8211; Autodiagnostics<br \/>&#8211; Evaluations<br \/>&#8211; Brainstorming<br \/>&#8211; Exercices de cr\u00e9ativit\u00e9<br \/>&#8211; Travail en sous groupe<br \/>&#8211; Transmission par courrier \u00e9lectronique de documents supports \u00e0 la suite de la formation.<\/p>\n<h2>Dispositif de suivi de l\u2019ex\u00e9cution et d\u2019\u00e9valuation des r\u00e9sultats de la formation :<\/h2>\n<p>&#8211; Feuilles de pr\u00e9sence,<br \/>&#8211; Formulaire d\u2019\u00e9valuation de la formation,<br \/>&#8211; QUIZ, jeux, jeux de r\u00f4le, QCM etc\u2026 en cours de formation<\/p>\n<h2>Profil du formateur (Exemple de) :<\/h2>\n<ul>\n<li>&#8211; Dipl\u00f4mes : BTS di\u00e9t\u00e9tique \u2013 Sp\u00e9cialisation en management de la qualit\u00e9 en industrie agro alimentaire, \u2013 DUFA (Dipl\u00f4me \u2013 Universitaire de Formateur d\u2019Adultes)<br \/>&#8211; Exp\u00e9riences professionnelles : clinique, formation, conseil, lib\u00e9ral, industries agroalimentaires, restauration collective<\/li>\n<\/ul>\n<p>[\/et_pb_text][\/et_pb_column][\/et_pb_row][et_pb_row column_structure=\u00a0\u00bb3_4,1_4&Prime; _builder_version=\u00a0\u00bb4.27.4&Prime; _module_preset=\u00a0\u00bbdefault\u00a0\u00bb custom_padding=\u00a0\u00bb11px|17px|11px|17px|true|true\u00a0\u00bb border_width_all=\u00a0\u00bb1px\u00a0\u00bb border_color_all=\u00a0\u00bbrgba(0,0,0,0.12)\u00a0\u00bb global_colors_info=\u00a0\u00bb{}\u00a0\u00bb theme_builder_area=\u00a0\u00bbpost_content\u00a0\u00bb][et_pb_column type=\u00a0\u00bb3_4&Prime; _builder_version=\u00a0\u00bb4.27.4&Prime; _module_preset=\u00a0\u00bbdefault\u00a0\u00bb global_colors_info=\u00a0\u00bb{}\u00a0\u00bb theme_builder_area=\u00a0\u00bbpost_content\u00a0\u00bb][et_pb_text _builder_version=\u00a0\u00bb4.27.4&Prime; _module_preset=\u00a0\u00bbdefault\u00a0\u00bb global_colors_info=\u00a0\u00bb{}\u00a0\u00bb theme_builder_area=\u00a0\u00bbpost_content\u00a0\u00bb]<\/p>\n<h2>Notre \u00e9quipe est \u00e0 votre disposition pour r\u00e9pondre \u00e0 toute autre question au sujet de ces formations.<\/h2>\n<p>[\/et_pb_text][\/et_pb_column][et_pb_column type=\u00a0\u00bb1_4&Prime; _builder_version=\u00a0\u00bb4.27.4&Prime; _module_preset=\u00a0\u00bbdefault\u00a0\u00bb global_colors_info=\u00a0\u00bb{}\u00a0\u00bb theme_builder_area=\u00a0\u00bbpost_content\u00a0\u00bb][et_pb_button button_url=\u00a0\u00bbhttps:\/\/altitudefc.com\/index.php\/contact\u00a0\u00bb button_text=\u00a0\u00bbCONTACTEZ-NOUS\u00a0\u00bb button_alignment=\u00a0\u00bbcenter\u00a0\u00bb _builder_version=\u00a0\u00bb4.27.4&Prime; _module_preset=\u00a0\u00bbdefault\u00a0\u00bb custom_button=\u00a0\u00bbon\u00a0\u00bb button_text_size=\u00a0\u00bb17px\u00a0\u00bb button_text_color=\u00a0\u00bb#FFFFFF\u00a0\u00bb button_bg_color=\u00a0\u00bb#b51dd3&Prime; button_border_radius=\u00a0\u00bb13px\u00a0\u00bb custom_margin=\u00a0\u00bb14px||||false|false\u00a0\u00bb global_colors_info=\u00a0\u00bb{}\u00a0\u00bb theme_builder_area=\u00a0\u00bbpost_content\u00a0\u00bb][\/et_pb_button][\/et_pb_column][\/et_pb_row][\/et_pb_section]<\/p>\n","protected":false},"excerpt":{"rendered":"<p>Une alimentation saine et \u00e9quilibr\u00e9e contribue \u00e0 une meilleure sant\u00e9 et favorise une bonne qualit\u00e9 de vie.Objectifs : Assurer des conseils dans le domaine de la Di\u00e9t\u00e9tique et Nutrition. Pr\u00e9-requis : Cette formation ne n\u00e9cessite pas de pr\u00e9requis Cible : Toute personne souhaitant des conseils dans le domaine de la Di\u00e9t\u00e9tique et la Nutrition. Dur\u00e9e [&hellip;]<\/p>\n","protected":false},"author":1,"featured_media":0,"parent":0,"menu_order":0,"comment_status":"closed","ping_status":"closed","template":"","meta":{"_et_pb_use_builder":"on","_et_pb_old_content":"","_et_gb_content_width":"","footnotes":""},"class_list":["post-690","page","type-page","status-publish","hentry"],"_links":{"self":[{"href":"https:\/\/altitudefc.com\/index.php\/wp-json\/wp\/v2\/pages\/690","targetHints":{"allow":["GET"]}}],"collection":[{"href":"https:\/\/altitudefc.com\/index.php\/wp-json\/wp\/v2\/pages"}],"about":[{"href":"https:\/\/altitudefc.com\/index.php\/wp-json\/wp\/v2\/types\/page"}],"author":[{"embeddable":true,"href":"https:\/\/altitudefc.com\/index.php\/wp-json\/wp\/v2\/users\/1"}],"replies":[{"embeddable":true,"href":"https:\/\/altitudefc.com\/index.php\/wp-json\/wp\/v2\/comments?post=690"}],"version-history":[{"count":2,"href":"https:\/\/altitudefc.com\/index.php\/wp-json\/wp\/v2\/pages\/690\/revisions"}],"predecessor-version":[{"id":692,"href":"https:\/\/altitudefc.com\/index.php\/wp-json\/wp\/v2\/pages\/690\/revisions\/692"}],"wp:attachment":[{"href":"https:\/\/altitudefc.com\/index.php\/wp-json\/wp\/v2\/media?parent=690"}],"curies":[{"name":"wp","href":"https:\/\/api.w.org\/{rel}","templated":true}]}}