{"id":686,"date":"2024-12-04T03:42:51","date_gmt":"2024-12-04T03:42:51","guid":{"rendered":"https:\/\/altitudefc.com\/?page_id=686"},"modified":"2024-12-04T03:42:51","modified_gmt":"2024-12-04T03:42:51","slug":"mettre-en-oeuvre-la-demarche-haccp","status":"publish","type":"page","link":"https:\/\/altitudefc.com\/index.php\/mettre-en-oeuvre-la-demarche-haccp\/","title":{"rendered":"Mettre en Oeuvre la D\u00e9marche HACCP"},"content":{"rendered":"<p>[et_pb_section fb_built=\u00a0\u00bb1&Prime; _builder_version=\u00a0\u00bb4.27.4&Prime; _module_preset=\u00a0\u00bbdefault\u00a0\u00bb global_colors_info=\u00a0\u00bb{}\u00a0\u00bb theme_builder_area=\u00a0\u00bbpost_content\u00a0\u00bb][et_pb_row _builder_version=\u00a0\u00bb4.27.4&Prime; _module_preset=\u00a0\u00bbdefault\u00a0\u00bb global_colors_info=\u00a0\u00bb{}\u00a0\u00bb theme_builder_area=\u00a0\u00bbpost_content\u00a0\u00bb][et_pb_column type=\u00a0\u00bb4_4&Prime; _builder_version=\u00a0\u00bb4.27.4&Prime; _module_preset=\u00a0\u00bbdefault\u00a0\u00bb global_colors_info=\u00a0\u00bb{}\u00a0\u00bb theme_builder_area=\u00a0\u00bbpost_content\u00a0\u00bb][et_pb_text _builder_version=\u00a0\u00bb4.27.4&Prime; _module_preset=\u00a0\u00bbdefault\u00a0\u00bb global_colors_info=\u00a0\u00bb{}\u00a0\u00bb theme_builder_area=\u00a0\u00bbpost_content\u00a0\u00bb]<\/p>\n<p><span>HACCP est une m\u00e9thode recommand\u00e9e dans le cadre de la directive europ\u00e9enne 93\/43\/CEE sur l\u2019hygi\u00e8ne des denr\u00e9es alimentaires.<\/span><br \/><span>Elle a \u00e9t\u00e9 retenue au niveau international comme la base de toute discussion sur la s\u00e9curit\u00e9 des aliments, \u00e0 travers le Codex Alimentarius.<\/span><br \/><span>Ma\u00eetriser les risques pour assurer la qualit\u00e9 sanitaire des produits servis, tel est l\u2019objectif de la d\u00e9marche HACCP.<\/span><br \/><span>Cette formation vous permettra de faire vivre l\u2019analyse des dangers dans votre structure.<\/span><\/p>\n<p>[\/et_pb_text][\/et_pb_column][\/et_pb_row][et_pb_row _builder_version=\u00a0\u00bb4.27.4&Prime; _module_preset=\u00a0\u00bbdefault\u00a0\u00bb global_colors_info=\u00a0\u00bb{}\u00a0\u00bb theme_builder_area=\u00a0\u00bbpost_content\u00a0\u00bb][et_pb_column type=\u00a0\u00bb4_4&Prime; _builder_version=\u00a0\u00bb4.27.4&Prime; _module_preset=\u00a0\u00bbdefault\u00a0\u00bb global_colors_info=\u00a0\u00bb{}\u00a0\u00bb theme_builder_area=\u00a0\u00bbpost_content\u00a0\u00bb][et_pb_text _builder_version=\u00a0\u00bb4.27.4&Prime; _module_preset=\u00a0\u00bbdefault\u00a0\u00bb global_colors_info=\u00a0\u00bb{}\u00a0\u00bb theme_builder_area=\u00a0\u00bbpost_content\u00a0\u00bb]<\/p>\n<h2>Objectifs :<\/h2>\n<p>Comprendre les principes et int\u00e9r\u00eats de la d\u00e9marche HACCP et \u00eatre capable de les mettre en \u0153uvre dans l\u2019entreprise.<\/p>\n<h2>Pr\u00e9-requis :<\/h2>\n<p>Cette formation ne n\u00e9cessite pas de pr\u00e9requis<\/p>\n<h2>Cible :<\/h2>\n<p>Responsables et personnels de l\u2019industrie, de la restauration, de la distribution alimentaire.<\/p>\n<h2>Dur\u00e9e :<\/h2>\n<p>3 jours (21 heures), espac\u00e9es dans le temps.<\/p>\n<h2>Contenu :<\/h2>\n<p>&#8211; Rappels sur les principes cl\u00e9s de la ma\u00eetrise de l\u2019hygi\u00e8ne alimentaire : marche en avant, sale\/propre, froid\/chaud, notion de flux mati\u00e8re,\u2026<br \/>&#8211; Structure d\u2019un processus de fabrication, analyse physique des flux,<br \/>&#8211; D\u00e9finition de l\u2019HACCP,<br \/>&#8211; Pr\u00e9paration de la mise en oeuvre de la d\u00e9marche HACCP, pr\u00e9paration \u00e0 la conduite du projet,<br \/>&#8211; Les \u00e9tapes cl\u00e9s de la d\u00e9marche : D\u00e9termination du champ de la d\u00e9marche, analyse du produit et du process, analyse\u00a0des dangers, les mesures pr\u00e9ventives, d\u00e9termination des points critiques, moyens de ma\u00eetrise des CCP \u00a0\u00a0(limites, contr\u00f4les, actions -correctives), validation enregistrement et bouclage du plan HACCP,<br \/>&#8211; Les principes d\u2019organisation et de signalisation pour la p\u00e9rennit\u00e9 du syst\u00e8me,<br \/>&#8211; Travaux pratiques r\u00e9alis\u00e9s sur le cas concret de l\u2019entreprise si formation intra entreprise.<\/p>\n<h2>Modalit\u00e9s d\u2019acc\u00e8s :<\/h2>\n<p>Formation possible en individuel \/ \u00e0 la carte<\/p>\n<h2>Constitution des groupes :<\/h2>\n<p>&#8211; En INTRA : Groupe de 12 personnes maximum. Formation possible dans vos locaux (nous consulter)<br \/>D\u00e9lais d\u2019acc\u00e8s : en fonction des disponibilit\u00e9s des collaborateurs et du consultant-formateur<br \/>&#8211; En INTER : la formation sera mise en place sous r\u00e9serve d\u2019atteindre un quota de 8 participants minimum par groupe (formation dans les locaux d\u2019ALTITUDE)<br \/>D\u00e9lais d\u2019acc\u00e8s :\u00a0en fonction des disponibilit\u00e9s du consultant-formateur et sous r\u00e9serve d\u2019atteindre le quota de participants<br \/>&#8211; Formule personnalis\u00e9e &#8211;\u00a0D\u00e9lais d\u2019acc\u00e8s : en fonction des disponibilit\u00e9s du demandeur et de celles du consultant-formateur<\/p>\n<h1>Modalit\u00e9s, moyens et m\u00e9thodes mobilis\u00e9es et modalit\u00e9s d\u2019\u00e9valuation :<\/h1>\n<h2>Approche et m\u00e9thodes p\u00e9dagogiques :<\/h2>\n<h3><strong>En amont de la formation :<\/strong><\/h3>\n<p>Dans tous les cas, un audit t\u00e9l\u00e9phonique pr\u00e9alable nous permet de d\u00e9terminer et fixer la meilleure approche p\u00e9dagogique pour atteindre une qualit\u00e9 de formation optimale \u2013 Test de positionnement<\/p>\n<p>Le cours sera dispens\u00e9 dans un langage simple et clair avec l\u2019introduction de termes techniques \u00e0 conna\u00eetre et \u00e0 ma\u00eetriser.<br \/>La th\u00e9orie sera illustr\u00e9e par des mises en situations concr\u00e8tes.<\/p>\n<p>&#8211; Accueil des stagiaires dans une salle d\u00e9di\u00e9e \u00e0 la formation.<br \/>&#8211; Les apports th\u00e9oriques sont suivis de mises en pratique.<br \/>&#8211; Jeux ludiques \u00e0 vis\u00e9e p\u00e9dagogique<br \/>&#8211; Tests, Quiz en salle<br \/>&#8211; Autodiagnostics<br \/>&#8211; Evaluations<br \/>&#8211; Brainstorming<br \/>&#8211; Exercices de cr\u00e9ativit\u00e9<br \/>&#8211; Travail en sous groupe<br \/>&#8211; Transmission par courrier \u00e9lectronique de documents supports \u00e0 la suite de la formation.<\/p>\n<h2>Dispositif de suivi de l\u2019ex\u00e9cution et d\u2019\u00e9valuation des r\u00e9sultats de la formation :<\/h2>\n<p>&#8211; Feuilles de pr\u00e9sence,<br \/>&#8211; Formulaire d\u2019\u00e9valuation de la formation,<br \/>&#8211; QUIZ, jeux, jeux de r\u00f4le, QCM etc\u2026 en cours de formation<\/p>\n<h2>Profil du formateur (Exemple de) :<\/h2>\n<ul>\n<li><b>Dipl\u00f4mes\u00a0:<\/b><span>\u00a0<\/span>Ing\u00e9nieur Agro-alimentaire<\/li>\n<li><b>Titres\u00a0:<\/b><span>\u00a0<\/span>Consultant-formateur en qualit\u00e9 et en organisation<\/li>\n<li><b>R\u00e9f\u00e9rences\u00a0:<\/b><span>\u00a0<\/span>16 ans d\u2019exp\u00e9rience dans la gestion de production et la d\u00e9marche qualit\u00e9 dans l\u2019agro-alimentaire, la labellisation et la certification de produits.<\/li>\n<li><b>Certification qualit\u00e9 \u00a0ISO 9001\u00a0\u2013\u00a0ISO \u00a014001 \u2013 ISO 22000<\/b><\/li>\n<\/ul>\n<p>[\/et_pb_text][\/et_pb_column][\/et_pb_row][et_pb_row column_structure=\u00a0\u00bb3_4,1_4&Prime; _builder_version=\u00a0\u00bb4.27.4&Prime; _module_preset=\u00a0\u00bbdefault\u00a0\u00bb custom_padding=\u00a0\u00bb11px|17px|11px|17px|true|true\u00a0\u00bb border_width_all=\u00a0\u00bb1px\u00a0\u00bb border_color_all=\u00a0\u00bbrgba(0,0,0,0.12)\u00a0\u00bb global_colors_info=\u00a0\u00bb{}\u00a0\u00bb theme_builder_area=\u00a0\u00bbpost_content\u00a0\u00bb][et_pb_column type=\u00a0\u00bb3_4&Prime; _builder_version=\u00a0\u00bb4.27.4&Prime; _module_preset=\u00a0\u00bbdefault\u00a0\u00bb global_colors_info=\u00a0\u00bb{}\u00a0\u00bb theme_builder_area=\u00a0\u00bbpost_content\u00a0\u00bb][et_pb_text _builder_version=\u00a0\u00bb4.27.4&Prime; _module_preset=\u00a0\u00bbdefault\u00a0\u00bb global_colors_info=\u00a0\u00bb{}\u00a0\u00bb theme_builder_area=\u00a0\u00bbpost_content\u00a0\u00bb]<\/p>\n<h2>Notre \u00e9quipe est \u00e0 votre disposition pour r\u00e9pondre \u00e0 toute autre question au sujet de ces formations.<\/h2>\n<p>[\/et_pb_text][\/et_pb_column][et_pb_column type=\u00a0\u00bb1_4&Prime; _builder_version=\u00a0\u00bb4.27.4&Prime; _module_preset=\u00a0\u00bbdefault\u00a0\u00bb global_colors_info=\u00a0\u00bb{}\u00a0\u00bb theme_builder_area=\u00a0\u00bbpost_content\u00a0\u00bb][et_pb_button button_url=\u00a0\u00bbhttps:\/\/altitudefc.com\/index.php\/contact\u00a0\u00bb button_text=\u00a0\u00bbCONTACTEZ-NOUS\u00a0\u00bb button_alignment=\u00a0\u00bbcenter\u00a0\u00bb _builder_version=\u00a0\u00bb4.27.4&Prime; _module_preset=\u00a0\u00bbdefault\u00a0\u00bb custom_button=\u00a0\u00bbon\u00a0\u00bb button_text_size=\u00a0\u00bb17px\u00a0\u00bb button_text_color=\u00a0\u00bb#FFFFFF\u00a0\u00bb button_bg_color=\u00a0\u00bb#b51dd3&Prime; button_border_radius=\u00a0\u00bb13px\u00a0\u00bb custom_margin=\u00a0\u00bb14px||||false|false\u00a0\u00bb global_colors_info=\u00a0\u00bb{}\u00a0\u00bb theme_builder_area=\u00a0\u00bbpost_content\u00a0\u00bb][\/et_pb_button][\/et_pb_column][\/et_pb_row][\/et_pb_section]<\/p>\n","protected":false},"excerpt":{"rendered":"<p>HACCP est une m\u00e9thode recommand\u00e9e dans le cadre de la directive europ\u00e9enne 93\/43\/CEE sur l\u2019hygi\u00e8ne des denr\u00e9es alimentaires.Elle a \u00e9t\u00e9 retenue au niveau international comme la base de toute discussion sur la s\u00e9curit\u00e9 des aliments, \u00e0 travers le Codex Alimentarius.Ma\u00eetriser les risques pour assurer la qualit\u00e9 sanitaire des produits servis, tel est l\u2019objectif de la [&hellip;]<\/p>\n","protected":false},"author":1,"featured_media":0,"parent":0,"menu_order":0,"comment_status":"closed","ping_status":"closed","template":"","meta":{"_et_pb_use_builder":"on","_et_pb_old_content":"","_et_gb_content_width":"","footnotes":""},"class_list":["post-686","page","type-page","status-publish","hentry"],"_links":{"self":[{"href":"https:\/\/altitudefc.com\/index.php\/wp-json\/wp\/v2\/pages\/686","targetHints":{"allow":["GET"]}}],"collection":[{"href":"https:\/\/altitudefc.com\/index.php\/wp-json\/wp\/v2\/pages"}],"about":[{"href":"https:\/\/altitudefc.com\/index.php\/wp-json\/wp\/v2\/types\/page"}],"author":[{"embeddable":true,"href":"https:\/\/altitudefc.com\/index.php\/wp-json\/wp\/v2\/users\/1"}],"replies":[{"embeddable":true,"href":"https:\/\/altitudefc.com\/index.php\/wp-json\/wp\/v2\/comments?post=686"}],"version-history":[{"count":2,"href":"https:\/\/altitudefc.com\/index.php\/wp-json\/wp\/v2\/pages\/686\/revisions"}],"predecessor-version":[{"id":688,"href":"https:\/\/altitudefc.com\/index.php\/wp-json\/wp\/v2\/pages\/686\/revisions\/688"}],"wp:attachment":[{"href":"https:\/\/altitudefc.com\/index.php\/wp-json\/wp\/v2\/media?parent=686"}],"curies":[{"name":"wp","href":"https:\/\/api.w.org\/{rel}","templated":true}]}}