{"id":641,"date":"2024-12-04T03:14:21","date_gmt":"2024-12-04T03:14:21","guid":{"rendered":"https:\/\/altitudefc.com\/?page_id=641"},"modified":"2024-12-04T03:14:21","modified_gmt":"2024-12-04T03:14:21","slug":"gerer-et-bien-faire-fonctionner-son-association","status":"publish","type":"page","link":"https:\/\/altitudefc.com\/index.php\/gerer-et-bien-faire-fonctionner-son-association\/","title":{"rendered":"G\u00e9rer et bien faire fonctionner son association"},"content":{"rendered":"<p>[et_pb_section fb_built=\u00a0\u00bb1&Prime; _builder_version=\u00a0\u00bb4.27.4&Prime; _module_preset=\u00a0\u00bbdefault\u00a0\u00bb global_colors_info=\u00a0\u00bb{}\u00a0\u00bb theme_builder_area=\u00a0\u00bbpost_content\u00a0\u00bb][et_pb_row _builder_version=\u00a0\u00bb4.27.4&Prime; _module_preset=\u00a0\u00bbdefault\u00a0\u00bb global_colors_info=\u00a0\u00bb{}\u00a0\u00bb theme_builder_area=\u00a0\u00bbpost_content\u00a0\u00bb][et_pb_column type=\u00a0\u00bb4_4&Prime; _builder_version=\u00a0\u00bb4.27.4&Prime; _module_preset=\u00a0\u00bbdefault\u00a0\u00bb global_colors_info=\u00a0\u00bb{}\u00a0\u00bb theme_builder_area=\u00a0\u00bbpost_content\u00a0\u00bb][et_pb_text _builder_version=\u00a0\u00bb4.27.4&Prime; _module_preset=\u00a0\u00bbdefault\u00a0\u00bb global_colors_info=\u00a0\u00bb{}\u00a0\u00bb theme_builder_area=\u00a0\u00bbpost_content\u00a0\u00bb]<\/p>\n<h2><b>Objectifs :<\/b><\/h2>\n<p><b><\/b>&#8211; Ma\u00eetriser les bases juridiques n\u00e9cessaires \u00e0 la bonne marche d\u2019une association.<br \/>&#8211; Int\u00e9grer le r\u00f4le des diff\u00e9rents organes internes \u00e0 une association.<br \/>&#8211; Identifier les points de vigilance dans la vie d\u2019une association.<br \/>&#8211; G\u00e9rer une association et respecter les obligations fiscales correspondantes<br \/>&#8211; Elaborer le budget d\u2019une association<\/p>\n<h2><b>Pr\u00e9-requis :<\/b><\/h2>\n<p><b><\/b>Aucun \u2013 Cette formation peut convenir \u00e0 toute personne envisageant de devenir b\u00e9n\u00e9vole ou dirigeant dans une association.<\/p>\n<h2><b>Cible :<\/b><\/h2>\n<p><b><\/b>&#8211; Dirigeant.es<br \/>&#8211; B\u00e9n\u00e9voles<br \/>&#8211; Salari\u00e9.es d\u2019association.<\/p>\n<h2><b>Dur\u00e9e :<\/b><\/h2>\n<p>2 jours soit 14 heures espac\u00e9es dans le temps.<\/p>\n<h2><b>Contenu :<\/b><\/h2>\n<p><b><\/b>&#8211; La Cr\u00e9ation de l\u2019association<br \/>&#8211; R\u00f4le et pouvoirs des Assembl\u00e9es G\u00e9n\u00e9rales<br \/>&#8211; Les activit\u00e9s de l\u2019association<br \/>&#8211; Le r\u00f4le des diff\u00e9rents organes de direction d\u2019une association<br \/>&#8211; Le contr\u00f4le de l\u2019association<br \/>&#8211; Les modalit\u00e9s de financement d\u2019une association<br \/>&#8211; La comptabilit\u00e9 et les obligations fiscales de l\u2019association<br \/>&#8211; Dissoudre, transformer une association<\/p>\n<h2><b>Modalit\u00e9s d\u2019acc\u00e8s :<\/b><\/h2>\n<p>Formation possible en individuel \/ \u00e0 la carte<\/p>\n<p><b>Constitution des groupes :<\/b><\/p>\n<p>&#8211; En INTRA : Groupe de 12 personnes maximum. Formation possible dans vos locaux (nous consulter)<br \/>D\u00e9lais d\u2019acc\u00e8s : en fonction des disponibilit\u00e9s des collaborateurs et du consultant-formateur<br \/>&#8211; En INTER : la formation sera mise en place sous r\u00e9serve d\u2019atteindre un quota de 8 participants minimum par groupe (formation dans les locaux d\u2019ALTITUDE)<br \/>D\u00e9lais d\u2019acc\u00e8s :\u00a0en fonction des disponibilit\u00e9s du consultant-formateur et sous r\u00e9serve d\u2019atteindre le quota de participants<br \/>&#8211; Formule personnalis\u00e9e &#8211;\u00a0D\u00e9lais d\u2019acc\u00e8s : en fonction des disponibilit\u00e9s du demandeur et de celles du consultant-formateur<\/p>\n<h1><b>Modalit\u00e9s, moyens et m\u00e9thodes mobilis\u00e9es et modalit\u00e9s d\u2019\u00e9valuation :<\/b><\/h1>\n<h2><b>Moyens p\u00e9dagogiques et techniques :<\/b><\/h2>\n<p>Le cours sera dispens\u00e9 dans un langage simple et clair avec l\u2019introduction de termes techniques \u00e0 conna\u00eetre et \u00e0 ma\u00eetriser.<br \/>La th\u00e9orie sera illustr\u00e9e par des mises en situations concr\u00e8tes.<\/p>\n<p>&#8211; Accueil des stagiaires dans une salle d\u00e9di\u00e9e \u00e0 la formation.<br \/>&#8211; Les apports th\u00e9oriques sont suivis de mises en pratique.<br \/>&#8211; Jeux ludiques \u00e0 vis\u00e9e p\u00e9dagogique<br \/>&#8211; Tests, Quiz en salle<br \/>&#8211; Autodiagnostics<br \/>&#8211; Evaluations<br \/>&#8211; Brainstorming<br \/>&#8211; Exercices de cr\u00e9ativit\u00e9<br \/>&#8211; Travail en sous groupe<br \/>&#8211; Transmission par courrier \u00e9lectronique de documents supports \u00e0 la suite de la formation.<\/p>\n<h2><b>Dispositif de suivi de l\u2019ex\u00e9cution et d\u2019\u00e9valuation des r\u00e9sultats de la formation :<\/b><\/h2>\n<p>&#8211; Feuilles de pr\u00e9sence,<br \/>&#8211; Formulaire d\u2019\u00e9valuation de la formation,<br \/>&#8211; QUIZ, jeux, jeux de r\u00f4le, QCM etc\u2026 en cours de formation<\/p>\n<h2><b>Profil du formateur (Exemple de) :<\/b><\/h2>\n<p><b>&#8211; Dipl\u00f4mes\u00a0:\u00a0<\/b>BTS Gestion \u2013 Organisation des Entreprises, DECS<br \/><b>&#8211; Titres\u00a0:\u00a0<\/b>Chef Comptable pour groupes de soci\u00e9t\u00e9s, Formatrice IFOCOP<br \/><b>&#8211; R\u00e9f\u00e9rences\u00a0:\u00a0<\/b>27 ans d\u2019exp\u00e9rience dans la comptabilit\u00e9 et la fiscalit\u00e9<\/p>\n<p>[\/et_pb_text][\/et_pb_column][\/et_pb_row][et_pb_row column_structure=\u00a0\u00bb3_4,1_4&Prime; _builder_version=\u00a0\u00bb4.27.4&Prime; _module_preset=\u00a0\u00bbdefault\u00a0\u00bb custom_padding=\u00a0\u00bb11px|17px|11px|17px|true|true\u00a0\u00bb border_width_all=\u00a0\u00bb1px\u00a0\u00bb border_color_all=\u00a0\u00bbrgba(0,0,0,0.12)\u00a0\u00bb global_colors_info=\u00a0\u00bb{}\u00a0\u00bb theme_builder_area=\u00a0\u00bbpost_content\u00a0\u00bb][et_pb_column type=\u00a0\u00bb3_4&Prime; _builder_version=\u00a0\u00bb4.27.4&Prime; _module_preset=\u00a0\u00bbdefault\u00a0\u00bb global_colors_info=\u00a0\u00bb{}\u00a0\u00bb theme_builder_area=\u00a0\u00bbpost_content\u00a0\u00bb][et_pb_text _builder_version=\u00a0\u00bb4.27.4&Prime; _module_preset=\u00a0\u00bbdefault\u00a0\u00bb global_colors_info=\u00a0\u00bb{}\u00a0\u00bb theme_builder_area=\u00a0\u00bbpost_content\u00a0\u00bb]<\/p>\n<h2>Notre \u00e9quipe est \u00e0 votre disposition pour r\u00e9pondre \u00e0 toute autre question au sujet de ces formations.<\/h2>\n<p>[\/et_pb_text][\/et_pb_column][et_pb_column type=\u00a0\u00bb1_4&Prime; _builder_version=\u00a0\u00bb4.27.4&Prime; _module_preset=\u00a0\u00bbdefault\u00a0\u00bb global_colors_info=\u00a0\u00bb{}\u00a0\u00bb theme_builder_area=\u00a0\u00bbpost_content\u00a0\u00bb][et_pb_button button_url=\u00a0\u00bbhttps:\/\/altitudefc.com\/index.php\/contact\u00a0\u00bb button_text=\u00a0\u00bbCONTACTEZ-NOUS\u00a0\u00bb button_alignment=\u00a0\u00bbcenter\u00a0\u00bb _builder_version=\u00a0\u00bb4.27.4&Prime; _module_preset=\u00a0\u00bbdefault\u00a0\u00bb custom_button=\u00a0\u00bbon\u00a0\u00bb button_text_size=\u00a0\u00bb17px\u00a0\u00bb button_text_color=\u00a0\u00bb#FFFFFF\u00a0\u00bb button_bg_color=\u00a0\u00bb#b51dd3&Prime; button_border_radius=\u00a0\u00bb13px\u00a0\u00bb custom_margin=\u00a0\u00bb14px||||false|false\u00a0\u00bb global_colors_info=\u00a0\u00bb{}\u00a0\u00bb theme_builder_area=\u00a0\u00bbpost_content\u00a0\u00bb][\/et_pb_button][\/et_pb_column][\/et_pb_row][\/et_pb_section]<\/p>\n","protected":false},"excerpt":{"rendered":"<p>Objectifs : &#8211; Ma\u00eetriser les bases juridiques n\u00e9cessaires \u00e0 la bonne marche d\u2019une association.- Int\u00e9grer le r\u00f4le des diff\u00e9rents organes internes \u00e0 une association.- Identifier les points de vigilance dans la vie d\u2019une association.- G\u00e9rer une association et respecter les obligations fiscales correspondantes- Elaborer le budget d\u2019une association Pr\u00e9-requis : Aucun \u2013 Cette formation peut [&hellip;]<\/p>\n","protected":false},"author":1,"featured_media":0,"parent":0,"menu_order":0,"comment_status":"closed","ping_status":"closed","template":"","meta":{"_et_pb_use_builder":"on","_et_pb_old_content":"","_et_gb_content_width":"","footnotes":""},"class_list":["post-641","page","type-page","status-publish","hentry"],"_links":{"self":[{"href":"https:\/\/altitudefc.com\/index.php\/wp-json\/wp\/v2\/pages\/641","targetHints":{"allow":["GET"]}}],"collection":[{"href":"https:\/\/altitudefc.com\/index.php\/wp-json\/wp\/v2\/pages"}],"about":[{"href":"https:\/\/altitudefc.com\/index.php\/wp-json\/wp\/v2\/types\/page"}],"author":[{"embeddable":true,"href":"https:\/\/altitudefc.com\/index.php\/wp-json\/wp\/v2\/users\/1"}],"replies":[{"embeddable":true,"href":"https:\/\/altitudefc.com\/index.php\/wp-json\/wp\/v2\/comments?post=641"}],"version-history":[{"count":2,"href":"https:\/\/altitudefc.com\/index.php\/wp-json\/wp\/v2\/pages\/641\/revisions"}],"predecessor-version":[{"id":643,"href":"https:\/\/altitudefc.com\/index.php\/wp-json\/wp\/v2\/pages\/641\/revisions\/643"}],"wp:attachment":[{"href":"https:\/\/altitudefc.com\/index.php\/wp-json\/wp\/v2\/media?parent=641"}],"curies":[{"name":"wp","href":"https:\/\/api.w.org\/{rel}","templated":true}]}}