{"id":43,"date":"2024-11-26T18:21:50","date_gmt":"2024-11-26T18:21:50","guid":{"rendered":"https:\/\/altitudefc.com\/?page_id=43"},"modified":"2026-03-26T18:06:10","modified_gmt":"2026-03-26T18:06:10","slug":"hygiene-et-securite","status":"publish","type":"page","link":"https:\/\/altitudefc.com\/index.php\/hygiene-et-securite\/","title":{"rendered":"Hygi\u00e8ne et s\u00e9curit\u00e9"},"content":{"rendered":"<p>[et_pb_section fb_built=\u00a0\u00bb1&Prime; _builder_version=\u00a0\u00bb4.27.4&Prime; _module_preset=\u00a0\u00bbdefault\u00a0\u00bb global_colors_info=\u00a0\u00bb{}\u00a0\u00bb][et_pb_row column_structure=\u00a0\u00bb1_4,1_2,1_4&Prime; _builder_version=\u00a0\u00bb4.27.4&Prime; _module_preset=\u00a0\u00bbdefault\u00a0\u00bb background_color=\u00a0\u00bb#DDFFBD\u00a0\u00bb global_colors_info=\u00a0\u00bb{}\u00a0\u00bb][et_pb_column type=\u00a0\u00bb1_4&Prime; _builder_version=\u00a0\u00bb4.27.4&Prime; _module_preset=\u00a0\u00bbdefault\u00a0\u00bb global_colors_info=\u00a0\u00bb{}\u00a0\u00bb][\/et_pb_column][et_pb_column type=\u00a0\u00bb1_2&Prime; _builder_version=\u00a0\u00bb4.27.4&Prime; _module_preset=\u00a0\u00bbdefault\u00a0\u00bb global_colors_info=\u00a0\u00bb{}\u00a0\u00bb][et_pb_image src=\u00a0\u00bbhttps:\/\/altitudefc.com\/wp-content\/uploads\/2026\/02\/KPI_Securite_premium-1024&#215;614.jpg\u00a0\u00bb title_text=\u00a0\u00bbKPI_S\u00e9curit\u00e9_premium\u00a0\u00bb align=\u00a0\u00bbcenter\u00a0\u00bb _builder_version=\u00a0\u00bb4.27.4&Prime; _module_preset=\u00a0\u00bbdefault\u00a0\u00bb animation_style=\u00a0\u00bbroll\u00a0\u00bb global_colors_info=\u00a0\u00bb{}\u00a0\u00bb][\/et_pb_image][\/et_pb_column][et_pb_column type=\u00a0\u00bb1_4&Prime; _builder_version=\u00a0\u00bb4.27.4&Prime; _module_preset=\u00a0\u00bbdefault\u00a0\u00bb global_colors_info=\u00a0\u00bb{}\u00a0\u00bb][\/et_pb_column][\/et_pb_row][et_pb_row column_structure=\u00a0\u00bb1_3,1_3,1_3&Prime; _builder_version=\u00a0\u00bb4.27.4&Prime; _module_preset=\u00a0\u00bbdefault\u00a0\u00bb global_colors_info=\u00a0\u00bb{}\u00a0\u00bb][et_pb_column type=\u00a0\u00bb1_3&Prime; _builder_version=\u00a0\u00bb4.27.4&Prime; _module_preset=\u00a0\u00bbdefault\u00a0\u00bb global_colors_info=\u00a0\u00bb{}\u00a0\u00bb][et_pb_text _builder_version=\u00a0\u00bb4.27.4&Prime; _module_preset=\u00a0\u00bbdefault\u00a0\u00bb text_orientation=\u00a0\u00bbjustified\u00a0\u00bb hover_enabled=\u00a0\u00bb0&Prime; global_colors_info=\u00a0\u00bb{}\u00a0\u00bb sticky_enabled=\u00a0\u00bb0&Prime;]<\/p>\n<h3 style=\"text-align: center;\"><strong>Adopter les bonnes pratiques de l\u2019Hygi\u00e8ne alimentaire<\/strong><\/h3>\n<p style=\"text-align: justify;\"><img loading=\"lazy\" decoding=\"async\" src=\"https:\/\/altitudefc.com\/wp-content\/uploads\/2026\/03\/Hygiene-des-aliments.webp\" width=\"900\" height=\"550\" alt=\"\" class=\"wp-image-1286 alignnone size-full\" srcset=\"https:\/\/altitudefc.com\/wp-content\/uploads\/2026\/03\/Hygiene-des-aliments.webp 900w, https:\/\/altitudefc.com\/wp-content\/uploads\/2026\/03\/Hygiene-des-aliments-480x293.webp 480w\" sizes=\"(min-width: 0px) and (max-width: 480px) 480px, (min-width: 481px) 900px, 100vw\" \/>L\u2019hygi\u00e8ne est essentielle dans les m\u00e9tiers de l\u2019alimentaire et participe \u00e0 une communication transparente et positive aupr\u00e8s des consommateurs.<br data-start=\"191\" data-end=\"194\" \/>De plus en plus attentifs, ces derniers \u00e9voluent vers une consommation plus responsable et exigeante.<\/p>\n<p>[\/et_pb_text][et_pb_button button_url=\u00a0\u00bbhttps:\/\/altitudefc.com\/index.php\/adopter-les-bonnes-pratiques-de-lhygiene-alimentaire\/\u00a0\u00bb button_text=\u00a0\u00bbVoir la fiche de cette formation\u00a0\u00bb _builder_version=\u00a0\u00bb4.27.4&Prime; _module_preset=\u00a0\u00bbdefault\u00a0\u00bb custom_button=\u00a0\u00bbon\u00a0\u00bb button_text_size=\u00a0\u00bb13px\u00a0\u00bb button_border_width=\u00a0\u00bb0px\u00a0\u00bb global_colors_info=\u00a0\u00bb{}\u00a0\u00bb][\/et_pb_button][\/et_pb_column][et_pb_column type=\u00a0\u00bb1_3&Prime; _builder_version=\u00a0\u00bb4.27.4&Prime; _module_preset=\u00a0\u00bbdefault\u00a0\u00bb global_colors_info=\u00a0\u00bb{}\u00a0\u00bb][et_pb_text _builder_version=\u00a0\u00bb4.27.4&Prime; _module_preset=\u00a0\u00bbdefault\u00a0\u00bb hover_enabled=\u00a0\u00bb0&Prime; global_colors_info=\u00a0\u00bb{}\u00a0\u00bb sticky_enabled=\u00a0\u00bb0&Prime;]<\/p>\n<h3 style=\"text-align: center;\"><strong>Mettre en Oeuvre la D\u00e9marche HACCP<\/strong><\/h3>\n<p>[\/et_pb_text][et_pb_image src=\u00a0\u00bbhttps:\/\/altitudefc.com\/wp-content\/uploads\/2024\/11\/haccp.jpg\u00a0\u00bb title_text=\u00a0\u00bbhaccp\u00a0\u00bb _builder_version=\u00a0\u00bb4.27.4&Prime; _module_preset=\u00a0\u00bbdefault\u00a0\u00bb global_colors_info=\u00a0\u00bb{}\u00a0\u00bb][\/et_pb_image][et_pb_text _builder_version=\u00a0\u00bb4.27.4&Prime; _module_preset=\u00a0\u00bbdefault\u00a0\u00bb text_orientation=\u00a0\u00bbjustified\u00a0\u00bb hover_enabled=\u00a0\u00bb0&Prime; locked=\u00a0\u00bboff\u00a0\u00bb global_colors_info=\u00a0\u00bb{}\u00a0\u00bb sticky_enabled=\u00a0\u00bb0&Prime;]<\/p>\n<p style=\"text-align: justify;\">La m\u00e9thode HACCP vise \u00e0 garantir la s\u00e9curit\u00e9 sanitaire des aliments en ma\u00eetrisant les risques.<br data-start=\"153\" data-end=\"156\" \/>Cette formation permet d\u2019identifier les dangers et d\u2019appliquer efficacement la d\u00e9marche au sein de votre structure.<\/p>\n<p>[\/et_pb_text][et_pb_button button_url=\u00a0\u00bbhttps:\/\/altitudefc.com\/index.php\/mettre-en-oeuvre-la-demarche-haccp\/\u00a0\u00bb button_text=\u00a0\u00bbVoir la fiche de cette formation\u00a0\u00bb _builder_version=\u00a0\u00bb4.27.4&Prime; _module_preset=\u00a0\u00bbdefault\u00a0\u00bb custom_button=\u00a0\u00bbon\u00a0\u00bb button_text_size=\u00a0\u00bb13px\u00a0\u00bb button_border_width=\u00a0\u00bb0px\u00a0\u00bb global_colors_info=\u00a0\u00bb{}\u00a0\u00bb][\/et_pb_button][\/et_pb_column][et_pb_column type=\u00a0\u00bb1_3&Prime; _builder_version=\u00a0\u00bb4.27.4&Prime; _module_preset=\u00a0\u00bbdefault\u00a0\u00bb global_colors_info=\u00a0\u00bb{}\u00a0\u00bb][et_pb_text _builder_version=\u00a0\u00bb4.27.4&Prime; _module_preset=\u00a0\u00bbdefault\u00a0\u00bb hover_enabled=\u00a0\u00bb0&Prime; global_colors_info=\u00a0\u00bb{}\u00a0\u00bb sticky_enabled=\u00a0\u00bb0&Prime;]<\/p>\n<h3 style=\"text-align: center;\"><strong>MIEUX S\u2019ALIMENTER : <\/strong><\/h3>\n<h3 style=\"text-align: center;\"><strong>LES CLEFS D\u2019UNE ALIMENTATION PLUS SAINE<\/strong><\/h3>\n<h3><strong><img loading=\"lazy\" decoding=\"async\" src=\"https:\/\/altitudefc.com\/wp-content\/uploads\/2026\/03\/Mieux-s-alimenter-1024x489.webp\" width=\"1024\" height=\"489\" alt=\"\" class=\"wp-image-1288 alignnone size-large\" srcset=\"https:\/\/altitudefc.com\/wp-content\/uploads\/2026\/03\/Mieux-s-alimenter-980x468.webp 980w, https:\/\/altitudefc.com\/wp-content\/uploads\/2026\/03\/Mieux-s-alimenter-480x229.webp 480w\" sizes=\"(min-width: 0px) and (max-width: 480px) 480px, (min-width: 481px) and (max-width: 980px) 980px, (min-width: 981px) 1024px, 100vw\" \/><\/strong><\/h3>\n<p>Une alimentation saine et \u00e9quilibr\u00e9e contribue \u00e0 une meilleure sant\u00e9 et favorise une bonne qualit\u00e9 de vie.<\/p>\n<p>[\/et_pb_text][et_pb_button button_url=\u00a0\u00bbhttps:\/\/altitudefc.com\/index.php\/mieux-salimenter-les-clefs-dune-alimentation-plus-saine\/\u00a0\u00bb button_text=\u00a0\u00bbVoir la fiche de cette formation\u00a0\u00bb _builder_version=\u00a0\u00bb4.27.4&Prime; _module_preset=\u00a0\u00bbdefault\u00a0\u00bb custom_button=\u00a0\u00bbon\u00a0\u00bb button_text_size=\u00a0\u00bb13px\u00a0\u00bb button_border_width=\u00a0\u00bb0px\u00a0\u00bb locked=\u00a0\u00bboff\u00a0\u00bb global_colors_info=\u00a0\u00bb{}\u00a0\u00bb][\/et_pb_button][\/et_pb_column][\/et_pb_row][et_pb_row _builder_version=\u00a0\u00bb4.27.4&Prime; _module_preset=\u00a0\u00bbdefault\u00a0\u00bb global_colors_info=\u00a0\u00bb{}\u00a0\u00bb][et_pb_column type=\u00a0\u00bb4_4&Prime; _builder_version=\u00a0\u00bb4.27.4&Prime; _module_preset=\u00a0\u00bbdefault\u00a0\u00bb global_colors_info=\u00a0\u00bb{}\u00a0\u00bb][et_pb_text _builder_version=\u00a0\u00bb4.27.4&Prime; _module_preset=\u00a0\u00bbdefault\u00a0\u00bb custom_padding=\u00a0\u00bb||4px|||\u00a0\u00bb global_colors_info=\u00a0\u00bb{}\u00a0\u00bb]<\/p>\n<h3 style=\"text-align: center;\"><strong>S\u00e9curit\u00e9 :<\/strong><\/h3>\n<p>[\/et_pb_text][\/et_pb_column][\/et_pb_row][et_pb_row column_structure=\u00a0\u00bb1_3,1_3,1_3&Prime; _builder_version=\u00a0\u00bb4.27.4&Prime; _module_preset=\u00a0\u00bbdefault\u00a0\u00bb background_color=\u00a0\u00bb#DDFFBD\u00a0\u00bb global_colors_info=\u00a0\u00bb{}\u00a0\u00bb][et_pb_column type=\u00a0\u00bb1_3&Prime; _builder_version=\u00a0\u00bb4.27.4&Prime; _module_preset=\u00a0\u00bbdefault\u00a0\u00bb global_colors_info=\u00a0\u00bb{}\u00a0\u00bb][et_pb_text _builder_version=\u00a0\u00bb4.27.4&Prime; _module_preset=\u00a0\u00bbdefault\u00a0\u00bb hover_enabled=\u00a0\u00bb0&Prime; global_colors_info=\u00a0\u00bb{}\u00a0\u00bb sticky_enabled=\u00a0\u00bb0&Prime;]<\/p>\n<h3 style=\"text-align: center;\"><strong>Devenir sauveteur-secouriste du travail<\/strong><\/h3>\n<p>[\/et_pb_text][et_pb_image src=\u00a0\u00bbhttps:\/\/altitudefc.com\/wp-content\/uploads\/2024\/11\/secouriste2.jpg\u00a0\u00bb title_text=\u00a0\u00bbsecouriste2&Prime; _builder_version=\u00a0\u00bb4.27.4&Prime; _module_preset=\u00a0\u00bbdefault\u00a0\u00bb hover_enabled=\u00a0\u00bb0&Prime; global_colors_info=\u00a0\u00bb{}\u00a0\u00bb align=\u00a0\u00bbcenter\u00a0\u00bb sticky_enabled=\u00a0\u00bb0&Prime;][\/et_pb_image][et_pb_text _builder_version=\u00a0\u00bb4.27.4&Prime; _module_preset=\u00a0\u00bbdefault\u00a0\u00bb text_orientation=\u00a0\u00bbjustified\u00a0\u00bb global_colors_info=\u00a0\u00bb{}\u00a0\u00bb]<\/p>\n<p style=\"text-align: center;\"><span>Le sauveteur secouriste du travail (SST) est un salari\u00e9 de l\u2019entreprise. Votre r\u00f4le est de porter les premiers secours \u00e0 toute victime d\u2019un accident du travail ou d\u2019un malaise, mais aussi d\u2019\u00eatre acteur de la pr\u00e9vention dans votre entreprise.<\/span><br \/><span>Pour cela, vous devez \u00eatre r\u00e9guli\u00e8rement form\u00e9.<\/span><\/p>\n<p>[\/et_pb_text][et_pb_button button_url=\u00a0\u00bbhttps:\/\/altitudefc.com\/index.php\/devenir-sauveteur-secouriste-du-travail\/\u00a0\u00bb button_text=\u00a0\u00bbVoir la fiche de cette formation\u00a0\u00bb _builder_version=\u00a0\u00bb4.27.4&Prime; _module_preset=\u00a0\u00bbdefault\u00a0\u00bb custom_button=\u00a0\u00bbon\u00a0\u00bb button_text_size=\u00a0\u00bb13px\u00a0\u00bb button_border_width=\u00a0\u00bb0px\u00a0\u00bb global_colors_info=\u00a0\u00bb{}\u00a0\u00bb][\/et_pb_button][\/et_pb_column][et_pb_column type=\u00a0\u00bb1_3&Prime; _builder_version=\u00a0\u00bb4.27.4&Prime; _module_preset=\u00a0\u00bbdefault\u00a0\u00bb global_colors_info=\u00a0\u00bb{}\u00a0\u00bb][et_pb_text _builder_version=\u00a0\u00bb4.27.4&Prime; _module_preset=\u00a0\u00bbdefault\u00a0\u00bb hover_enabled=\u00a0\u00bb0&Prime; global_colors_info=\u00a0\u00bb{}\u00a0\u00bb sticky_enabled=\u00a0\u00bb0&Prime;]<\/p>\n<h3 style=\"text-align: center;\"><strong>Maintenir et actualiser ses comp\u00e9tences de sauveteur-secouriste du travail<\/strong><\/h3>\n<p>[\/et_pb_text][et_pb_image src=\u00a0\u00bbhttps:\/\/altitudefc.com\/wp-content\/uploads\/2024\/11\/secouriste.jpg\u00a0\u00bb title_text=\u00a0\u00bbsecouriste\u00a0\u00bb _builder_version=\u00a0\u00bb4.27.4&Prime; _module_preset=\u00a0\u00bbdefault\u00a0\u00bb global_colors_info=\u00a0\u00bb{}\u00a0\u00bb][\/et_pb_image][et_pb_text _builder_version=\u00a0\u00bb4.27.4&Prime; _module_preset=\u00a0\u00bbdefault\u00a0\u00bb locked=\u00a0\u00bboff\u00a0\u00bb global_colors_info=\u00a0\u00bb{}\u00a0\u00bb]<\/p>\n<p style=\"text-align: center;\"><span>Le sauveteur secouriste du travail (SST) est un salari\u00e9 de l\u2019entreprise. Votre r\u00f4le est de porter les premiers secours \u00e0 toute victime d\u2019un accident du travail ou d\u2019un malaise, mais aussi d\u2019\u00eatre acteur de la pr\u00e9vention dans votre entreprise.<\/span><br \/><span>Pour cela, vous devez \u00eatre r\u00e9guli\u00e8rement form\u00e9.<\/span><\/p>\n<p>[\/et_pb_text][et_pb_button button_url=\u00a0\u00bbhttps:\/\/altitudefc.com\/index.php\/maintenir-et-actualiser-ses-competences-de-sauveteur-secouriste-du-travail\/\u00a0\u00bb button_text=\u00a0\u00bbVoir la fiche de cette formation\u00a0\u00bb _builder_version=\u00a0\u00bb4.27.4&Prime; _module_preset=\u00a0\u00bbdefault\u00a0\u00bb custom_button=\u00a0\u00bbon\u00a0\u00bb button_text_size=\u00a0\u00bb13px\u00a0\u00bb button_border_width=\u00a0\u00bb0px\u00a0\u00bb global_colors_info=\u00a0\u00bb{}\u00a0\u00bb][\/et_pb_button][\/et_pb_column][et_pb_column type=\u00a0\u00bb1_3&Prime; _builder_version=\u00a0\u00bb4.27.4&Prime; _module_preset=\u00a0\u00bbdefault\u00a0\u00bb global_colors_info=\u00a0\u00bb{}\u00a0\u00bb][et_pb_text _builder_version=\u00a0\u00bb4.27.4&Prime; _module_preset=\u00a0\u00bbdefault\u00a0\u00bb custom_padding=\u00a0\u00bb||2px|||\u00a0\u00bb animation_style=\u00a0\u00bbflip\u00a0\u00bb hover_enabled=\u00a0\u00bb0&Prime; locked=\u00a0\u00bboff\u00a0\u00bb global_colors_info=\u00a0\u00bb{}\u00a0\u00bb sticky_enabled=\u00a0\u00bb0&Prime;]<\/p>\n<h3 style=\"text-align: center;\"><span style=\"color: #ff00ff;\"><strong>NOUVEAU ! Manipulation des extincteurs<\/strong><\/span><\/h3>\n<p>[\/et_pb_text][et_pb_text _builder_version=\u00a0\u00bb4.27.4&Prime; _module_preset=\u00a0\u00bbdefault\u00a0\u00bb text_orientation=\u00a0\u00bbcenter\u00a0\u00bb hover_enabled=\u00a0\u00bb0&Prime; global_colors_info=\u00a0\u00bb{}\u00a0\u00bb custom_padding=\u00a0\u00bb||0px|||\u00a0\u00bb sticky_enabled=\u00a0\u00bb0&Prime;]<\/p>\n<p data-start=\"34\" data-end=\"310\" style=\"text-align: center;\"><img loading=\"lazy\" decoding=\"async\" src=\"https:\/\/altitudefc.com\/wp-content\/uploads\/2026\/03\/extincteur.jpg\" width=\"960\" height=\"401\" alt=\"\" class=\"wp-image-1289 alignnone size-full\" srcset=\"https:\/\/altitudefc.com\/wp-content\/uploads\/2026\/03\/extincteur.jpg 960w, https:\/\/altitudefc.com\/wp-content\/uploads\/2026\/03\/extincteur-480x201.jpg 480w\" sizes=\"(min-width: 0px) and (max-width: 480px) 480px, (min-width: 481px) 960px, 100vw\" \/><\/p>\n<p data-start=\"34\" data-end=\"310\" style=\"text-align: justify;\">La formation Manipulation des extincteurs apprend aux collaborateurs \u00e0 r\u00e9agir efficacement face \u00e0 un d\u00e9part de feu.<br data-start=\"174\" data-end=\"177\" \/>Elle combine th\u00e9orie et pratique pour identifier les types de feu, choisir le bon extincteur et intervenir en toute s\u00e9curit\u00e9.<\/p>\n<p>[\/et_pb_text][et_pb_button button_url=\u00a0\u00bbhttps:\/\/altitudefc.com\/index.php\/manipulation-des-extincteurs\/\u00a0\u00bb button_text=\u00a0\u00bbVoir la fiche de cette formation\u00a0\u00bb _builder_version=\u00a0\u00bb4.27.4&Prime; _module_preset=\u00a0\u00bbdefault\u00a0\u00bb custom_button=\u00a0\u00bbon\u00a0\u00bb button_text_size=\u00a0\u00bb13px\u00a0\u00bb button_border_width=\u00a0\u00bb0px\u00a0\u00bb locked=\u00a0\u00bboff\u00a0\u00bb global_colors_info=\u00a0\u00bb{}\u00a0\u00bb][\/et_pb_button][\/et_pb_column][\/et_pb_row][et_pb_row column_structure=\u00a0\u00bb1_3,1_3,1_3&Prime; _builder_version=\u00a0\u00bb4.27.4&Prime; _module_preset=\u00a0\u00bbdefault\u00a0\u00bb global_colors_info=\u00a0\u00bb{}\u00a0\u00bb][et_pb_column type=\u00a0\u00bb1_3&Prime; _builder_version=\u00a0\u00bb4.27.4&Prime; _module_preset=\u00a0\u00bbdefault\u00a0\u00bb global_colors_info=\u00a0\u00bb{}\u00a0\u00bb][et_pb_text _builder_version=\u00a0\u00bb4.27.4&Prime; _module_preset=\u00a0\u00bbdefault\u00a0\u00bb text_orientation=\u00a0\u00bbcenter\u00a0\u00bb global_colors_info=\u00a0\u00bb{}\u00a0\u00bb]<\/p>\n<h3 style=\"text-align: center;\"><strong>Devenir acteur PRAP IBC (Industrie, BTP, Commerce)<\/strong><\/h3>\n<p><img loading=\"lazy\" decoding=\"async\" src=\"https:\/\/altitudefc.com\/wp-content\/uploads\/2026\/03\/PRAP.webp\" width=\"571\" height=\"439\" alt=\"\" class=\"wp-image-1290 alignnone size-full\" srcset=\"https:\/\/altitudefc.com\/wp-content\/uploads\/2026\/03\/PRAP.webp 571w, https:\/\/altitudefc.com\/wp-content\/uploads\/2026\/03\/PRAP-480x369.webp 480w\" sizes=\"(min-width: 0px) and (max-width: 480px) 480px, (min-width: 481px) 571px, 100vw\" \/><\/p>\n<p>La formation \u00e0 la pr\u00e9vention des risques li\u00e9s \u00e0 l\u2019activit\u00e9 physique (PRAP) vous permet d\u2019\u00eatre acteur de votre propre pr\u00e9vention mais aussi de devenir acteur de la pr\u00e9vention de votre entreprise.<\/p>\n<p>[\/et_pb_text][et_pb_button button_url=\u00a0\u00bbhttps:\/\/altitudefc.com\/index.php\/devenir-acteur-prap-iindustrie-btp-commerce\/\u00a0\u00bb button_text=\u00a0\u00bbVoir la fiche de cette formation\u00a0\u00bb _builder_version=\u00a0\u00bb4.27.4&Prime; _module_preset=\u00a0\u00bbdefault\u00a0\u00bb custom_button=\u00a0\u00bbon\u00a0\u00bb button_text_size=\u00a0\u00bb13px\u00a0\u00bb button_border_width=\u00a0\u00bb0px\u00a0\u00bb global_colors_info=\u00a0\u00bb{}\u00a0\u00bb][\/et_pb_button][\/et_pb_column][et_pb_column type=\u00a0\u00bb1_3&Prime; _builder_version=\u00a0\u00bb4.27.4&Prime; _module_preset=\u00a0\u00bbdefault\u00a0\u00bb global_colors_info=\u00a0\u00bb{}\u00a0\u00bb][et_pb_text _builder_version=\u00a0\u00bb4.27.4&Prime; _module_preset=\u00a0\u00bbdefault\u00a0\u00bb text_orientation=\u00a0\u00bbcenter\u00a0\u00bb locked=\u00a0\u00bboff\u00a0\u00bb global_colors_info=\u00a0\u00bb{}\u00a0\u00bb]<\/p>\n<h3 style=\"text-align: center;\"><strong>Maintenir et actualiser ses comp\u00e9tences d\u2019acteur PRAP industrie, BTP, commerce<\/strong><\/h3>\n<p><img loading=\"lazy\" decoding=\"async\" src=\"https:\/\/altitudefc.com\/wp-content\/uploads\/2026\/03\/PRAP-2.jpg\" width=\"450\" height=\"245\" alt=\"\" class=\"wp-image-1292 alignnone size-full\" srcset=\"https:\/\/altitudefc.com\/wp-content\/uploads\/2026\/03\/PRAP-2.jpg 450w, https:\/\/altitudefc.com\/wp-content\/uploads\/2026\/03\/PRAP-2-300x163.jpg 300w\" sizes=\"(max-width: 450px) 100vw, 450px\" \/><\/p>\n<p>La formation \u00e0 la pr\u00e9vention des risques li\u00e9s \u00e0 l\u2019activit\u00e9 physique (PRAP) vous permet d\u2019\u00eatre acteur de votre propre pr\u00e9vention mais aussi de devenir acteur de la pr\u00e9vention de votre entreprise<\/p>\n<p>[\/et_pb_text][et_pb_button button_url=\u00a0\u00bbhttps:\/\/altitudefc.com\/index.php\/maintenir-et-actualiser-ses-competences-dacteur-prap-industrie-btp-commerce\/\u00a0\u00bb button_text=\u00a0\u00bbVoir la fiche de cette formation\u00a0\u00bb _builder_version=\u00a0\u00bb4.27.4&Prime; _module_preset=\u00a0\u00bbdefault\u00a0\u00bb custom_button=\u00a0\u00bbon\u00a0\u00bb button_text_size=\u00a0\u00bb13px\u00a0\u00bb button_border_width=\u00a0\u00bb0px\u00a0\u00bb global_colors_info=\u00a0\u00bb{}\u00a0\u00bb][\/et_pb_button][\/et_pb_column][et_pb_column type=\u00a0\u00bb1_3&Prime; _builder_version=\u00a0\u00bb4.27.4&Prime; _module_preset=\u00a0\u00bbdefault\u00a0\u00bb global_colors_info=\u00a0\u00bb{}\u00a0\u00bb][et_pb_text _builder_version=\u00a0\u00bb4.27.4&Prime; _module_preset=\u00a0\u00bbdefault\u00a0\u00bb text_orientation=\u00a0\u00bbcenter\u00a0\u00bb custom_padding=\u00a0\u00bb||2px|||\u00a0\u00bb animation_style=\u00a0\u00bbslide\u00a0\u00bb hover_enabled=\u00a0\u00bb0&Prime; locked=\u00a0\u00bboff\u00a0\u00bb global_colors_info=\u00a0\u00bb{}\u00a0\u00bb sticky_enabled=\u00a0\u00bb0&Prime;]<\/p>\n<h3><span style=\"color: #ff00ff;\"><strong>NOUVEAU ! Evacuation incendie, s\u00e9ismes et tsunami<\/strong><\/span><\/h3>\n<p><span style=\"color: #ff00ff;\"><strong><img loading=\"lazy\" decoding=\"async\" src=\"https:\/\/altitudefc.com\/wp-content\/uploads\/2026\/03\/Evacuation.png\" width=\"225\" height=\"225\" alt=\"\" class=\"wp-image-1293 alignnone size-full\" srcset=\"https:\/\/altitudefc.com\/wp-content\/uploads\/2026\/03\/Evacuation.png 225w, https:\/\/altitudefc.com\/wp-content\/uploads\/2026\/03\/Evacuation-150x150.png 150w\" sizes=\"(max-width: 225px) 100vw, 225px\" \/><\/strong><\/span><\/p>\n<p>[\/et_pb_text][et_pb_text _builder_version=\u00a0\u00bb4.27.4&Prime; _module_preset=\u00a0\u00bbdefault\u00a0\u00bb text_orientation=\u00a0\u00bbcenter\u00a0\u00bb custom_margin=\u00a0\u00bb-26px|||||\u00a0\u00bb custom_padding=\u00a0\u00bb0px|||||\u00a0\u00bb global_colors_info=\u00a0\u00bb{}\u00a0\u00bb]<\/p>\n<p data-start=\"43\" data-end=\"328\">Cette formation pr\u00e9pare vos \u00e9quipes \u00e0 r\u00e9agir efficacement face aux principaux risques majeurs : incendie, s\u00e9isme et tsunami. Elle vise \u00e0 d\u00e9velopper les bons r\u00e9flexes, \u00e0 renforcer la culture de pr\u00e9vention et \u00e0 am\u00e9liorer la gestion des situations d\u2019urgence au sein de votre organisation.<\/p>\n<p data-start=\"567\" data-end=\"730\" data-is-last-node=\"\" data-is-only-node=\"\">[\/et_pb_text][et_pb_button button_url=\u00a0\u00bbhttps:\/\/altitudefc.com\/index.php\/manipulation-des-extincteurs-dupli\/\u00a0\u00bb button_text=\u00a0\u00bbVoir la fiche de cette formation\u00a0\u00bb _builder_version=\u00a0\u00bb4.27.4&Prime; _module_preset=\u00a0\u00bbdefault\u00a0\u00bb custom_button=\u00a0\u00bbon\u00a0\u00bb button_text_size=\u00a0\u00bb13px\u00a0\u00bb button_border_width=\u00a0\u00bb0px\u00a0\u00bb locked=\u00a0\u00bboff\u00a0\u00bb global_colors_info=\u00a0\u00bb{}\u00a0\u00bb][\/et_pb_button][\/et_pb_column][\/et_pb_row][et_pb_row column_structure=\u00a0\u00bb3_4,1_4&Prime; _builder_version=\u00a0\u00bb4.27.4&Prime; _module_preset=\u00a0\u00bbdefault\u00a0\u00bb custom_padding=\u00a0\u00bb11px|17px|11px|17px|true|true\u00a0\u00bb border_width_all=\u00a0\u00bb1px\u00a0\u00bb border_color_all=\u00a0\u00bbrgba(0,0,0,0.12)\u00a0\u00bb global_colors_info=\u00a0\u00bb{}\u00a0\u00bb][et_pb_column type=\u00a0\u00bb3_4&Prime; _builder_version=\u00a0\u00bb4.27.4&Prime; _module_preset=\u00a0\u00bbdefault\u00a0\u00bb global_colors_info=\u00a0\u00bb{}\u00a0\u00bb][et_pb_text _builder_version=\u00a0\u00bb4.27.4&Prime; _module_preset=\u00a0\u00bbdefault\u00a0\u00bb global_colors_info=\u00a0\u00bb{}\u00a0\u00bb]<\/p>\n<h2>Notre \u00e9quipe est \u00e0 votre disposition pour r\u00e9pondre \u00e0 toute autre question au sujet de ces formations.<\/h2>\n<p>[\/et_pb_text][\/et_pb_column][et_pb_column type=\u00a0\u00bb1_4&Prime; _builder_version=\u00a0\u00bb4.27.4&Prime; _module_preset=\u00a0\u00bbdefault\u00a0\u00bb global_colors_info=\u00a0\u00bb{}\u00a0\u00bb][et_pb_button button_url=\u00a0\u00bbhttps:\/\/altitudefc.com\/index.php\/contact\u00a0\u00bb button_text=\u00a0\u00bbCONTACTEZ-NOUS\u00a0\u00bb button_alignment=\u00a0\u00bbcenter\u00a0\u00bb _builder_version=\u00a0\u00bb4.27.4&Prime; _module_preset=\u00a0\u00bbdefault\u00a0\u00bb custom_button=\u00a0\u00bbon\u00a0\u00bb button_text_size=\u00a0\u00bb17px\u00a0\u00bb button_text_color=\u00a0\u00bb#FFFFFF\u00a0\u00bb button_bg_color=\u00a0\u00bb#b51dd3&Prime; button_border_radius=\u00a0\u00bb13px\u00a0\u00bb custom_margin=\u00a0\u00bb14px||||false|false\u00a0\u00bb global_colors_info=\u00a0\u00bb{}\u00a0\u00bb][\/et_pb_button][\/et_pb_column][\/et_pb_row][\/et_pb_section]<\/p>\n","protected":false},"excerpt":{"rendered":"<p>Adopter les bonnes pratiques de l\u2019Hygi\u00e8ne alimentaire L\u2019hygi\u00e8ne est essentielle dans les m\u00e9tiers de l\u2019alimentaire et participe \u00e0 une communication transparente et positive aupr\u00e8s des consommateurs.De plus en plus attentifs, ces derniers \u00e9voluent vers une consommation plus responsable et exigeante.Mettre en Oeuvre la D\u00e9marche HACCPLa m\u00e9thode HACCP vise \u00e0 garantir la s\u00e9curit\u00e9 sanitaire des aliments [&hellip;]<\/p>\n","protected":false},"author":1,"featured_media":0,"parent":0,"menu_order":0,"comment_status":"closed","ping_status":"closed","template":"","meta":{"_et_pb_use_builder":"on","_et_pb_old_content":"<!-- wp:divi\/placeholder \/-->","_et_gb_content_width":"","footnotes":""},"class_list":["post-43","page","type-page","status-publish","hentry"],"_links":{"self":[{"href":"https:\/\/altitudefc.com\/index.php\/wp-json\/wp\/v2\/pages\/43","targetHints":{"allow":["GET"]}}],"collection":[{"href":"https:\/\/altitudefc.com\/index.php\/wp-json\/wp\/v2\/pages"}],"about":[{"href":"https:\/\/altitudefc.com\/index.php\/wp-json\/wp\/v2\/types\/page"}],"author":[{"embeddable":true,"href":"https:\/\/altitudefc.com\/index.php\/wp-json\/wp\/v2\/users\/1"}],"replies":[{"embeddable":true,"href":"https:\/\/altitudefc.com\/index.php\/wp-json\/wp\/v2\/comments?post=43"}],"version-history":[{"count":21,"href":"https:\/\/altitudefc.com\/index.php\/wp-json\/wp\/v2\/pages\/43\/revisions"}],"predecessor-version":[{"id":1338,"href":"https:\/\/altitudefc.com\/index.php\/wp-json\/wp\/v2\/pages\/43\/revisions\/1338"}],"wp:attachment":[{"href":"https:\/\/altitudefc.com\/index.php\/wp-json\/wp\/v2\/media?parent=43"}],"curies":[{"name":"wp","href":"https:\/\/api.w.org\/{rel}","templated":true}]}}