{"id":1511,"date":"2026-04-27T19:15:36","date_gmt":"2026-04-27T19:15:36","guid":{"rendered":"https:\/\/altitudefc.com\/?page_id=1511"},"modified":"2026-04-27T19:32:53","modified_gmt":"2026-04-27T19:32:53","slug":"certtiphyto","status":"publish","type":"page","link":"https:\/\/altitudefc.com\/index.php\/certtiphyto\/","title":{"rendered":"Certiphyto"},"content":{"rendered":"\n[et_pb_section fb_built=\u00a0\u00bb1&Prime; _builder_version=\u00a0\u00bb4.27.4&Prime; _module_preset=\u00a0\u00bbdefault\u00a0\u00bb global_colors_info=\u00a0\u00bb{}\u00a0\u00bb][et_pb_row _builder_version=\u00a0\u00bb4.27.4&Prime; _module_preset=\u00a0\u00bbdefault\u00a0\u00bb background_color=\u00a0\u00bb#DDFFBD\u00a0\u00bb global_colors_info=\u00a0\u00bb{}\u00a0\u00bb][et_pb_column type=\u00a0\u00bb4_4&Prime; _builder_version=\u00a0\u00bb4.27.4&Prime; _module_preset=\u00a0\u00bbdefault\u00a0\u00bb global_colors_info=\u00a0\u00bb{}\u00a0\u00bb][et_pb_text _builder_version=\u00a0\u00bb4.27.4&Prime; _module_preset=\u00a0\u00bbdefault\u00a0\u00bb hover_enabled=\u00a0\u00bb0&Prime; global_colors_info=\u00a0\u00bb{}\u00a0\u00bb sticky_enabled=\u00a0\u00bb0&Prime;]<h1 data-start=\"931\" data-end=\"1187\" style=\"text-align: center;\"><strong>ALTITUDE FORMATION ET CONSEIL est <\/strong><strong>habilit\u00e9 pour dispenser l\u2019ensemble des formations Certiphyto en Martinique !<\/strong><span class=\"\" data-state=\"delayed-open\" aria-describedby=\"radix-_r_vv_\"><\/span><\/h1>\n<h3 data-start=\"931\" data-end=\"1187\" style=\"text-align: justify;\"><br data-start=\"1042\" data-end=\"1045\" \/>Nos formations sont conformes aux exigences r\u00e9glementaires et permettent l\u2019obtention ou le renouvellement du certificat individuel Certiphyto.<\/h3>\n<p>&nbsp;<\/p>\n<h3 data-start=\"1189\" data-end=\"1337\" style=\"text-align: justify;\">Nous accompagnons les professionnels de l\u2019agriculture, des collectivit\u00e9s, du paysage et de la distribution sur l\u2019ensemble des cat\u00e9gories Certiphyto.<\/h3>[\/et_pb_text][et_pb_image src=\u00a0\u00bbhttps:\/\/altitudefc.com\/wp-content\/uploads\/2026\/04\/pub-Site-certiphyto.png\u00a0\u00bb title_text=\u00a0\u00bbpub Site certiphyto\u00a0\u00bb align=\u00a0\u00bbcenter\u00a0\u00bb _builder_version=\u00a0\u00bb4.27.4&Prime; _module_preset=\u00a0\u00bbdefault\u00a0\u00bb global_colors_info=\u00a0\u00bb{}\u00a0\u00bb][\/et_pb_image][\/et_pb_column][\/et_pb_row][et_pb_row column_structure=\u00a0\u00bb1_2,1_2&Prime; _builder_version=\u00a0\u00bb4.27.4&Prime; _module_preset=\u00a0\u00bbdefault\u00a0\u00bb custom_margin=\u00a0\u00bb|auto|-57px|auto||\u00a0\u00bb global_colors_info=\u00a0\u00bb{}\u00a0\u00bb][et_pb_column type=\u00a0\u00bb1_2&Prime; _builder_version=\u00a0\u00bb4.27.4&Prime; _module_preset=\u00a0\u00bbdefault\u00a0\u00bb global_colors_info=\u00a0\u00bb{}\u00a0\u00bb][et_pb_text _builder_version=\u00a0\u00bb4.27.4&Prime; _module_preset=\u00a0\u00bbdefault\u00a0\u00bb custom_margin=\u00a0\u00bb||29px|||\u00a0\u00bb global_colors_info=\u00a0\u00bb{}\u00a0\u00bb]<h2 data-section-id=\"1jbc89b\" data-start=\"1402\" data-end=\"1435\" style=\"text-align: center;\"><strong>Qu\u2019est-ce que le Certiphyto ?<\/strong><\/h2>\n<p data-start=\"1490\" data-end=\"1676\">Le Certiphyto est un certificat individuel obligatoire pour toute personne qui utilise, vend, conseille ou d\u00e9cide de l\u2019usage de produits phytopharmaceutiques dans un cadre professionnel.<\/p>\n<p data-start=\"1678\" data-end=\"1717\">Il atteste que son titulaire ma\u00eetrise :<\/p>\n<ul data-start=\"1718\" data-end=\"1935\">\n<li data-section-id=\"my5xkn\" data-start=\"1718\" data-end=\"1749\">la r\u00e9glementation en vigueur,<\/li>\n<li data-section-id=\"1czhcs7\" data-start=\"1750\" data-end=\"1787\">les bonnes pratiques d\u2019utilisation,<\/li>\n<li data-section-id=\"f7krj3\" data-start=\"1788\" data-end=\"1830\">la pr\u00e9vention des risques pour la sant\u00e9,<\/li>\n<li data-section-id=\"uhti5c\" data-start=\"1831\" data-end=\"1866\">la protection de l\u2019environnement,<\/li>\n<li data-section-id=\"6q7pjh\" data-start=\"1867\" data-end=\"1935\">les solutions alternatives \u00e0 l\u2019usage des produits phytosanitaires.<\/li>\n<\/ul>[\/et_pb_text][\/et_pb_column][et_pb_column type=\u00a0\u00bb1_2&Prime; _builder_version=\u00a0\u00bb4.27.4&Prime; _module_preset=\u00a0\u00bbdefault\u00a0\u00bb global_colors_info=\u00a0\u00bb{}\u00a0\u00bb][et_pb_text _builder_version=\u00a0\u00bb4.27.4&Prime; _module_preset=\u00a0\u00bbdefault\u00a0\u00bb global_colors_info=\u00a0\u00bb{}\u00a0\u00bb]<h2 data-section-id=\"17odyje\" data-start=\"2586\" data-end=\"2623\" style=\"text-align: center;\"><strong>\u00c0 qui s\u2019adressent nos formations ?<\/strong><\/h2>\n<p data-start=\"2635\" data-end=\"2693\">Nos formations Certiphyto s\u2019adressent aux professionnels :<\/p>\n<ul data-start=\"2695\" data-end=\"2845\">\n<li data-section-id=\"logj7l\" data-start=\"2695\" data-end=\"2714\">de l\u2019agriculture,<\/li>\n<li data-section-id=\"9qj0a8\" data-start=\"2715\" data-end=\"2735\">des collectivit\u00e9s,<\/li>\n<li data-section-id=\"1dlgn09\" data-start=\"2736\" data-end=\"2765\">des entreprises du paysage,<\/li>\n<li data-section-id=\"14w35yq\" data-start=\"2766\" data-end=\"2787\">de la distribution,<\/li>\n<li data-section-id=\"3y4n8c\" data-start=\"2788\" data-end=\"2810\">du conseil agricole,<\/li>\n<li data-section-id=\"fawwld\" data-start=\"2811\" data-end=\"2845\">de la gestion des espaces verts.<\/li>\n<\/ul>[\/et_pb_text][\/et_pb_column][\/et_pb_row][et_pb_row _builder_version=\u00a0\u00bb4.27.4&Prime; _module_preset=\u00a0\u00bbdefault\u00a0\u00bb global_colors_info=\u00a0\u00bb{}\u00a0\u00bb][et_pb_column type=\u00a0\u00bb4_4&Prime; _builder_version=\u00a0\u00bb4.27.4&Prime; _module_preset=\u00a0\u00bbdefault\u00a0\u00bb global_colors_info=\u00a0\u00bb{}\u00a0\u00bb][et_pb_text _builder_version=\u00a0\u00bb4.27.4&Prime; _module_preset=\u00a0\u00bbdefault\u00a0\u00bb background_color=\u00a0\u00bb#DDFFBD\u00a0\u00bb global_colors_info=\u00a0\u00bb{}\u00a0\u00bb]<h2 data-section-id=\"cfek7y\" data-start=\"2938\" data-end=\"2989\" style=\"text-align: center;\"><strong>Pourquoi choisir ALTITUDE FORMATION ET CONSEIL ?<\/strong><\/h2>\n<p data-start=\"3001\" data-end=\"3037\">Choisir ALTITUDE, c\u2019est b\u00e9n\u00e9ficier :<\/p>\n<ul data-start=\"3039\" data-end=\"3276\">\n<li data-section-id=\"150b7gs\" data-start=\"3039\" data-end=\"3076\">d\u2019un organisme habilit\u00e9 Certiphyto,<\/li>\n<li data-section-id=\"16a8i3k\" data-start=\"3077\" data-end=\"3106\">de formateurs exp\u00e9riment\u00e9s,<\/li>\n<li data-section-id=\"vxmoxx\" data-start=\"3107\" data-end=\"3148\">d\u2019une p\u00e9dagogie concr\u00e8te et accessible,<\/li>\n<li data-section-id=\"4x8s5o\" data-start=\"3149\" data-end=\"3199\">d\u2019une approche adapt\u00e9e au contexte martiniquais,<\/li>\n<li data-section-id=\"3illxn\" data-start=\"3200\" data-end=\"3235\">d\u2019un accompagnement personnalis\u00e9,<\/li>\n<li data-section-id=\"lj8w0c\" data-start=\"3236\" data-end=\"3276\">de sessions inter ou intra-entreprise.<\/li>\n<\/ul>[\/et_pb_text][\/et_pb_column][\/et_pb_row][et_pb_row column_structure=\u00a0\u00bb1_3,1_3,1_3&Prime; _builder_version=\u00a0\u00bb4.27.4&Prime; _module_preset=\u00a0\u00bbdefault\u00a0\u00bb global_colors_info=\u00a0\u00bb{}\u00a0\u00bb][et_pb_column type=\u00a0\u00bb1_3&Prime; _builder_version=\u00a0\u00bb4.27.4&Prime; _module_preset=\u00a0\u00bbdefault\u00a0\u00bb global_colors_info=\u00a0\u00bb{}\u00a0\u00bb][et_pb_text _builder_version=\u00a0\u00bb4.27.4&Prime; _module_preset=\u00a0\u00bbdefault\u00a0\u00bb global_colors_info=\u00a0\u00bb{}\u00a0\u00bb]<h2 data-section-id=\"18j7tl4\" data-start=\"572\" data-end=\"605\"><strong>Les pr\u00e9requis\u00a0 :<\/strong><\/h2>\n<p data-start=\"754\" data-end=\"957\">Aucun pr\u00e9requis n\u2019est exig\u00e9 pour acc\u00e9der \u00e0 la formation Certiphyto, hors ma\u00eetrise de la langue fran\u00e7aise \u00e0 l\u2019oral et \u00e0 l\u2019\u00e9crit.<br data-start=\"881\" data-end=\"884\" \/>Le choix de la cat\u00e9gorie d\u00e9pend de l\u2019activit\u00e9 exerc\u00e9e par le participant.<\/p>[\/et_pb_text][\/et_pb_column][et_pb_column type=\u00a0\u00bb1_3&Prime; _builder_version=\u00a0\u00bb4.27.4&Prime; _module_preset=\u00a0\u00bbdefault\u00a0\u00bb global_colors_info=\u00a0\u00bb{}\u00a0\u00bb][et_pb_text _builder_version=\u00a0\u00bb4.27.4&Prime; _module_preset=\u00a0\u00bbdefault\u00a0\u00bb global_colors_info=\u00a0\u00bb{}\u00a0\u00bb]<h2 data-section-id=\"107o3s8\" data-start=\"1001\" data-end=\"1047\"><strong>Les objectifs p\u00e9dagogiques :<\/strong><\/h2>\n<p data-start=\"1199\" data-end=\"1258\" style=\"text-align: justify;\">\u00c0 l\u2019issue de la formation, le participant sera capable de :<\/p>\n<ul data-start=\"1260\" data-end=\"1513\">\n<li data-section-id=\"1o7zi0t\" data-start=\"1260\" data-end=\"1302\" style=\"text-align: justify;\">identifier la r\u00e9glementation applicable,<\/li>\n<li data-section-id=\"pjrkw5\" data-start=\"1303\" data-end=\"1360\" style=\"text-align: justify;\">utiliser les produits phytopharmaceutiques en s\u00e9curit\u00e9,<\/li>\n<li data-section-id=\"i980cn\" data-start=\"1361\" data-end=\"1417\" style=\"text-align: justify;\">pr\u00e9venir les risques pour la sant\u00e9 et l\u2019environnement,<\/li>\n<li data-section-id=\"qpzh7l\" data-start=\"1418\" data-end=\"1474\" style=\"text-align: justify;\">mettre en \u0153uvre les bonnes pratiques professionnelles,<\/li>\n<li data-section-id=\"1gxcgq\" data-start=\"1475\" data-end=\"1513\" style=\"text-align: justify;\">int\u00e9grer des solutions alternatives.<\/li>\n<\/ul>[\/et_pb_text][\/et_pb_column][et_pb_column type=\u00a0\u00bb1_3&Prime; _builder_version=\u00a0\u00bb4.27.4&Prime; _module_preset=\u00a0\u00bbdefault\u00a0\u00bb global_colors_info=\u00a0\u00bb{}\u00a0\u00bb][et_pb_text _builder_version=\u00a0\u00bb4.27.4&Prime; _module_preset=\u00a0\u00bbdefault\u00a0\u00bb global_colors_info=\u00a0\u00bb{}\u00a0\u00bb]<h2 data-section-id=\"3o8399\" data-start=\"1554\" data-end=\"1579\"><strong>Dur\u00e9e :<\/strong><\/h2>\n<p data-start=\"1679\" data-end=\"1720\">La dur\u00e9e varie selon la cat\u00e9gorie vis\u00e9e :<\/p>\n<ul data-start=\"1722\" data-end=\"1813\">\n<li data-section-id=\"1i1md94\" data-start=\"1722\" data-end=\"1747\">Op\u00e9rateur : 14 heures<\/li>\n<li data-section-id=\"12tsn2h\" data-start=\"1748\" data-end=\"1777\">D\u00e9cideur : 14 \u00e0 21 heures<\/li>\n<li data-section-id=\"1hqnb6v\" data-start=\"1778\" data-end=\"1813\">Conseil \/ Vente : selon programme<\/li>\n<\/ul>[\/et_pb_text][\/et_pb_column][\/et_pb_row][et_pb_row column_structure=\u00a0\u00bb1_3,1_3,1_3&Prime; _builder_version=\u00a0\u00bb4.27.4&Prime; _module_preset=\u00a0\u00bbdefault\u00a0\u00bb background_color=\u00a0\u00bb#DDFFBD\u00a0\u00bb global_colors_info=\u00a0\u00bb{}\u00a0\u00bb][et_pb_column type=\u00a0\u00bb1_3&Prime; _builder_version=\u00a0\u00bb4.27.4&Prime; _module_preset=\u00a0\u00bbdefault\u00a0\u00bb global_colors_info=\u00a0\u00bb{}\u00a0\u00bb][et_pb_text _builder_version=\u00a0\u00bb4.27.4&Prime; _module_preset=\u00a0\u00bbdefault\u00a0\u00bb global_colors_info=\u00a0\u00bb{}\u00a0\u00bb]<h2 data-section-id=\"18egd05\" data-start=\"1820\" data-end=\"1867\"><strong>Modalit\u00e9s et d\u00e9lais d\u2019acc\u00e8s :<\/strong><\/h2>\n<p data-start=\"2003\" data-end=\"2189\">L\u2019inscription est possible toute l\u2019ann\u00e9e, dans la limite des places disponibles.<br data-start=\"2083\" data-end=\"2086\" \/>Un d\u00e9lai minimum de 7 \u00e0 15 jours est g\u00e9n\u00e9ralement n\u00e9cessaire entre la demande et l\u2019entr\u00e9e en formation.<\/p>[\/et_pb_text][\/et_pb_column][et_pb_column type=\u00a0\u00bb1_3&Prime; _builder_version=\u00a0\u00bb4.27.4&Prime; _module_preset=\u00a0\u00bbdefault\u00a0\u00bb global_colors_info=\u00a0\u00bb{}\u00a0\u00bb][et_pb_text _builder_version=\u00a0\u00bb4.27.4&Prime; _module_preset=\u00a0\u00bbdefault\u00a0\u00bb global_colors_info=\u00a0\u00bb{}\u00a0\u00bb]<h2 data-section-id=\"1oqktdr\" data-start=\"2225\" data-end=\"2267\"><strong>Modalit\u00e9s d\u2019\u00e9valuation :<\/strong><\/h2>\n<ul data-start=\"2406\" data-end=\"2529\">\n<li data-section-id=\"1wt328q\" data-start=\"2406\" data-end=\"2431\">des mises en situation,<\/li>\n<li data-section-id=\"szjw13\" data-start=\"2432\" data-end=\"2460\">des \u00e9changes de pratiques,<\/li>\n<li data-section-id=\"qi1jqx\" data-start=\"2461\" data-end=\"2488\">une \u00e9valuation formative,<\/li>\n<li data-section-id=\"1vnxfka\" data-start=\"2489\" data-end=\"2529\">un QCM final de validation des acquis.<\/li>\n<\/ul>[\/et_pb_text][\/et_pb_column][et_pb_column type=\u00a0\u00bb1_3&Prime; _builder_version=\u00a0\u00bb4.27.4&Prime; _module_preset=\u00a0\u00bbdefault\u00a0\u00bb global_colors_info=\u00a0\u00bb{}\u00a0\u00bb][et_pb_text _builder_version=\u00a0\u00bb4.27.4&Prime; _module_preset=\u00a0\u00bbdefault\u00a0\u00bb global_colors_info=\u00a0\u00bb{}\u00a0\u00bb]<h2 data-section-id=\"4zjb8y\" data-start=\"2536\" data-end=\"2575\"><strong>M\u00e9thodes mobilis\u00e9es :<\/strong><\/h2>\n<p data-start=\"2698\" data-end=\"2724\">Nos formations alternent :<\/p>\n<ul data-start=\"2726\" data-end=\"2862\">\n<li data-section-id=\"vbmhys\" data-start=\"2726\" data-end=\"2751\">apports r\u00e9glementaires,<\/li>\n<li data-section-id=\"173ak1a\" data-start=\"2752\" data-end=\"2768\">\u00e9tudes de cas,<\/li>\n<li data-section-id=\"vk3ju4\" data-start=\"2769\" data-end=\"2788\">exemples terrain,<\/li>\n<li data-section-id=\"1vake5g\" data-start=\"2789\" data-end=\"2814\">\u00e9changes d\u2019exp\u00e9riences,<\/li>\n<li data-section-id=\"ieslle\" data-start=\"2815\" data-end=\"2862\">supports p\u00e9dagogiques remis aux participants.<\/li>\n<\/ul>[\/et_pb_text][\/et_pb_column][\/et_pb_row][et_pb_row column_structure=\u00a0\u00bb1_2,1_2&Prime; _builder_version=\u00a0\u00bb4.27.4&Prime; _module_preset=\u00a0\u00bbdefault\u00a0\u00bb global_colors_info=\u00a0\u00bb{}\u00a0\u00bb][et_pb_column type=\u00a0\u00bb1_2&Prime; _builder_version=\u00a0\u00bb4.27.4&Prime; _module_preset=\u00a0\u00bbdefault\u00a0\u00bb global_colors_info=\u00a0\u00bb{}\u00a0\u00bb][et_pb_text _builder_version=\u00a0\u00bb4.27.4&Prime; _module_preset=\u00a0\u00bbdefault\u00a0\u00bb global_colors_info=\u00a0\u00bb{}\u00a0\u00bb]<h1><strong><span style=\"font-size: 16px;\">Accessibilit\u00e9 aux personnes en situation de handicap :<\/span><\/strong><\/h1>\n<p data-start=\"3080\" data-end=\"3323\" style=\"text-align: justify;\">Nos formations sont accessibles aux personnes en situation de handicap.<br data-start=\"3151\" data-end=\"3154\" \/>Un accompagnement sp\u00e9cifique peut \u00eatre mis en place selon les besoins.<br data-start=\"3224\" data-end=\"3227\" \/>Nous vous invitons \u00e0 nous contacter en amont afin d\u2019\u00e9tudier ensemble les modalit\u00e9s d\u2019adaptation.<\/p>[\/et_pb_text][\/et_pb_column][et_pb_column type=\u00a0\u00bb1_2&Prime; _builder_version=\u00a0\u00bb4.27.4&Prime; _module_preset=\u00a0\u00bbdefault\u00a0\u00bb global_colors_info=\u00a0\u00bb{}\u00a0\u00bb][et_pb_text _builder_version=\u00a0\u00bb4.27.4&Prime; _module_preset=\u00a0\u00bbdefault\u00a0\u00bb global_colors_info=\u00a0\u00bb{}\u00a0\u00bb]<h2 data-section-id=\"1cq6g19\" data-start=\"3370\" data-end=\"3421\" style=\"text-align: center;\"><strong>Tarifs :<\/strong><\/h2>\n<p data-section-id=\"1cq6g19\" data-start=\"3370\" data-end=\"3421\" style=\"text-align: center;\">Tarifs sur demande<\/p>[\/et_pb_text][\/et_pb_column][\/et_pb_row][et_pb_row _builder_version=\u00a0\u00bb4.27.4&Prime; _module_preset=\u00a0\u00bbdefault\u00a0\u00bb background_color=\u00a0\u00bb#DDFFBD\u00a0\u00bb custom_padding=\u00a0\u00bb26px|||||\u00a0\u00bb global_colors_info=\u00a0\u00bb{}\u00a0\u00bb][et_pb_column type=\u00a0\u00bb4_4&Prime; _builder_version=\u00a0\u00bb4.27.4&Prime; _module_preset=\u00a0\u00bbdefault\u00a0\u00bb global_colors_info=\u00a0\u00bb{}\u00a0\u00bb][et_pb_text _builder_version=\u00a0\u00bb4.27.4&Prime; _module_preset=\u00a0\u00bbdefault\u00a0\u00bb global_colors_info=\u00a0\u00bb{}\u00a0\u00bb]<h2 data-section-id=\"1lpsw4d\" data-start=\"3662\" data-end=\"3700\" style=\"text-align: center;\"><strong>Besoin d\u2019une formation Certiphyto ?<\/strong><\/h2>\n<p data-start=\"4008\" data-end=\"4043\" style=\"text-align: center;\">Notre \u00e9quipe vous accompagne dans :<\/p>\n<p style=\"text-align: center;\">le choix de votre cat\u00e9gorie,<\/p>\n<p style=\"text-align: center;\">votre inscription,<\/p>\n<p style=\"text-align: center;\">vos d\u00e9marches de financement,<\/p>\n<p style=\"text-align: center;\">l\u2019adaptation de votre parcours.<\/p>\n<p data-start=\"4164\" data-end=\"4211\" style=\"text-align: center;\">\ud83d\udce9 <a data-start=\"4167\" data-end=\"4192\" class=\"decorated-link cursor-pointer\" rel=\"noopener\">commercial@altitudefc.com<span aria-hidden=\"true\" class=\"ms-0.5 inline-block align-middle leading-none\"><svg xmlns=\"http:\/\/www.w3.org\/2000\/svg\" width=\"20\" height=\"20\" aria-hidden=\"true\" data-rtl-flip=\"\" class=\"block h-[0.75em] w-[0.75em] stroke-current stroke-[0.75]\"><use href=\"\/cdn\/assets\/sprites-core-d25c669f.svg#304883\" fill=\"currentColor\"><\/use><\/svg><\/span><\/a><br data-start=\"4192\" data-end=\"4195\" \/>\ud83d\udcde 0596 67 18 56<\/p>\n<p data-start=\"3825\" data-end=\"3867\" style=\"text-align: center;\">[\/et_pb_text][\/et_pb_column][\/et_pb_row][et_pb_row column_structure=\u00a0\u00bb3_4,1_4&Prime; _builder_version=\u00a0\u00bb4.27.4&Prime; _module_preset=\u00a0\u00bbdefault\u00a0\u00bb custom_padding=\u00a0\u00bb11px|17px|11px|17px|true|true\u00a0\u00bb border_width_all=\u00a0\u00bb1px\u00a0\u00bb border_color_all=\u00a0\u00bbrgba(0,0,0,0.12)\u00a0\u00bb global_colors_info=\u00a0\u00bb{}\u00a0\u00bb][et_pb_column type=\u00a0\u00bb3_4&Prime; _builder_version=\u00a0\u00bb4.27.4&Prime; _module_preset=\u00a0\u00bbdefault\u00a0\u00bb global_colors_info=\u00a0\u00bb{}\u00a0\u00bb][et_pb_text _builder_version=\u00a0\u00bb4.27.4&Prime; _module_preset=\u00a0\u00bbdefault\u00a0\u00bb global_colors_info=\u00a0\u00bb{}\u00a0\u00bb]<h2>Notre \u00e9quipe est \u00e0 votre disposition pour r\u00e9pondre \u00e0 toute autre question au sujet de ces formations.<\/h2>[\/et_pb_text][\/et_pb_column][et_pb_column type=\u00a0\u00bb1_4&Prime; _builder_version=\u00a0\u00bb4.27.4&Prime; _module_preset=\u00a0\u00bbdefault\u00a0\u00bb global_colors_info=\u00a0\u00bb{}\u00a0\u00bb][et_pb_button button_url=\u00a0\u00bbhttps:\/\/altitudefc.com\/index.php\/contact\u00a0\u00bb button_text=\u00a0\u00bbCONTACTEZ-NOUS\u00a0\u00bb button_alignment=\u00a0\u00bbcenter\u00a0\u00bb _builder_version=\u00a0\u00bb4.27.4&Prime; _module_preset=\u00a0\u00bbdefault\u00a0\u00bb custom_button=\u00a0\u00bbon\u00a0\u00bb button_text_size=\u00a0\u00bb17px\u00a0\u00bb button_text_color=\u00a0\u00bb#FFFFFF\u00a0\u00bb button_bg_color=\u00a0\u00bb#b51dd3&Prime; button_border_radius=\u00a0\u00bb13px\u00a0\u00bb custom_margin=\u00a0\u00bb14px||||false|false\u00a0\u00bb global_colors_info=\u00a0\u00bb{}\u00a0\u00bb][\/et_pb_button][\/et_pb_column][\/et_pb_row][\/et_pb_section]\n","protected":false},"excerpt":{"rendered":"<p>ALTITUDE FORMATION ET CONSEIL est habilit\u00e9 pour dispenser l\u2019ensemble des formations Certiphyto en Martinique ! Nos formations sont conformes aux exigences r\u00e9glementaires et permettent l\u2019obtention ou le renouvellement du certificat individuel Certiphyto. &nbsp; Nous accompagnons les professionnels de l\u2019agriculture, des collectivit\u00e9s, du paysage et de la distribution sur l\u2019ensemble des cat\u00e9gories Certiphyto.Qu\u2019est-ce que le Certiphyto [&hellip;]<\/p>\n","protected":false},"author":1,"featured_media":0,"parent":0,"menu_order":0,"comment_status":"closed","ping_status":"closed","template":"","meta":{"_et_pb_use_builder":"on","_et_pb_old_content":"","_et_gb_content_width":"","footnotes":""},"class_list":["post-1511","page","type-page","status-publish","hentry"],"_links":{"self":[{"href":"https:\/\/altitudefc.com\/index.php\/wp-json\/wp\/v2\/pages\/1511","targetHints":{"allow":["GET"]}}],"collection":[{"href":"https:\/\/altitudefc.com\/index.php\/wp-json\/wp\/v2\/pages"}],"about":[{"href":"https:\/\/altitudefc.com\/index.php\/wp-json\/wp\/v2\/types\/page"}],"author":[{"embeddable":true,"href":"https:\/\/altitudefc.com\/index.php\/wp-json\/wp\/v2\/users\/1"}],"replies":[{"embeddable":true,"href":"https:\/\/altitudefc.com\/index.php\/wp-json\/wp\/v2\/comments?post=1511"}],"version-history":[{"count":18,"href":"https:\/\/altitudefc.com\/index.php\/wp-json\/wp\/v2\/pages\/1511\/revisions"}],"predecessor-version":[{"id":1538,"href":"https:\/\/altitudefc.com\/index.php\/wp-json\/wp\/v2\/pages\/1511\/revisions\/1538"}],"wp:attachment":[{"href":"https:\/\/altitudefc.com\/index.php\/wp-json\/wp\/v2\/media?parent=1511"}],"curies":[{"name":"wp","href":"https:\/\/api.w.org\/{rel}","templated":true}]}}