{"id":1462,"date":"2026-04-28T14:16:11","date_gmt":"2026-04-28T14:16:11","guid":{"rendered":"https:\/\/altitudefc.com\/?page_id=1462"},"modified":"2026-04-28T14:50:45","modified_gmt":"2026-04-28T14:50:45","slug":"accompagnement-coaching","status":"publish","type":"page","link":"https:\/\/altitudefc.com\/index.php\/accompagnement-coaching\/","title":{"rendered":"Le Coaching"},"content":{"rendered":"<p>[et_pb_section fb_built=\u00a0\u00bb1&Prime; _builder_version=\u00a0\u00bb4.27.4&Prime; _module_preset=\u00a0\u00bbdefault\u00a0\u00bb global_colors_info=\u00a0\u00bb{}\u00a0\u00bb][et_pb_row _builder_version=\u00a0\u00bb4.27.4&Prime; _module_preset=\u00a0\u00bbdefault\u00a0\u00bb collapsed=\u00a0\u00bboff\u00a0\u00bb global_colors_info=\u00a0\u00bb{}\u00a0\u00bb][et_pb_column type=\u00a0\u00bb4_4&Prime; _builder_version=\u00a0\u00bb4.27.4&Prime; _module_preset=\u00a0\u00bbdefault\u00a0\u00bb global_colors_info=\u00a0\u00bb{}\u00a0\u00bb][et_pb_text _builder_version=\u00a0\u00bb4.27.4&Prime; _module_preset=\u00a0\u00bbdefault\u00a0\u00bb custom_padding=\u00a0\u00bb||1px|||\u00a0\u00bb hover_enabled=\u00a0\u00bb0&Prime; global_colors_info=\u00a0\u00bb{}\u00a0\u00bb background_color=\u00a0\u00bb#DDFFBD\u00a0\u00bb sticky_enabled=\u00a0\u00bb0&Prime; custom_margin=\u00a0\u00bb||47px|||\u00a0\u00bb]<\/p>\n<h1 style=\"text-align: center;\"><strong>Notre approche du coaching<\/strong><\/h1>\n<p><strong><img loading=\"lazy\" decoding=\"async\" src=\"https:\/\/altitudefc.com\/wp-content\/uploads\/2026\/04\/Coaching-individuel-1024x683.jpg\" width=\"529\" height=\"352\" alt=\"\" class=\"wp-image-1492 alignnone size-large\" style=\"display: block; margin-left: auto; margin-right: auto;\" \/><\/strong><\/p>\n<p>[\/et_pb_text][et_pb_accordion _builder_version=\u00a0\u00bb4.27.4&Prime; _module_preset=\u00a0\u00bbdefault\u00a0\u00bb global_colors_info=\u00a0\u00bb{}\u00a0\u00bb custom_margin=\u00a0\u00bb-20px|||||\u00a0\u00bb][et_pb_accordion_item title=\u00a0\u00bbQuelle est la d\u00e9finition du coaching (selon la Soci\u00e9t\u00e9 Fran\u00e7aise de Coaching) ?\u00a0\u00bb open=\u00a0\u00bbon\u00a0\u00bb _builder_version=\u00a0\u00bb4.27.4&Prime; _module_preset=\u00a0\u00bbdefault\u00a0\u00bb global_colors_info=\u00a0\u00bb{}\u00a0\u00bb]<\/p>\n<p>Le coaching professionnel est l\u2019accompagnement de personnes ou d\u2019\u00e9quipes pour le d\u00e9veloppement de leurs potentiels et de leurs savoir-faire dans le cadre d\u2019objectifs professionnels.<\/p>\n<p>Le coaching professionnel se d\u00e9finit comme une relation suivie dans une p\u00e9riode d\u00e9finie qui permet \u00e0 un client ou un groupe d\u2019obtenir des r\u00e9sultats concrets, mesurables et durables dans le cadre professionnel.<\/p>\n<p>A travers le processus de coaching, le client approfondit ses connaissances et am\u00e9liore ses performances.<\/p>\n<p>Le coaching peut se pratiquer en s\u00e9ances de face-\u00e0-face, au t\u00e9l\u00e9phone ou en s\u00e9ances collectives.<br \/>Ces s\u00e9ances peuvent \u00eatre assorties d\u2019\u00e9changes \u00e9crits par courrier ou par e-mail.<br \/>Le coaching peut \u00eatre utilis\u00e9 parall\u00e8lement \u00e0 un travail de psychoth\u00e9rapie mais il ne saurait s\u2019y substituer.<\/p>\n<p>Le coaching r\u00e9v\u00e8le la part de champion qui se cache en chacun !<\/p>\n<p>[\/et_pb_accordion_item][et_pb_accordion_item title=\u00a0\u00bbComment altitude r\u00e9sume le coaching?\u00a0\u00bb _builder_version=\u00a0\u00bb4.27.4&Prime; _module_preset=\u00a0\u00bbdefault\u00a0\u00bb global_colors_info=\u00a0\u00bb{}\u00a0\u00bb open=\u00a0\u00bboff\u00a0\u00bb]<\/p>\n<p><span>Le coaching repose sur l\u2019id\u00e9e simple voire simpliste que chacun poss\u00e8de en lui le potentiel n\u00e9cessaire et suffisant pour r\u00e9ussir.<\/span><\/p>\n<p>[\/et_pb_accordion_item][et_pb_accordion_item title=\u00a0\u00bbA quel type de client le coaching s&rsquo;adresse-t-il?\u00a0\u00bb _builder_version=\u00a0\u00bb4.27.4&Prime; _module_preset=\u00a0\u00bbdefault\u00a0\u00bb global_colors_info=\u00a0\u00bb{}\u00a0\u00bb open=\u00a0\u00bboff\u00a0\u00bb]<\/p>\n<p><span>A tout type de client car le r\u00f4le du coach n\u2019est pas de faire \u00e0 la place de son client, mais bien de redonner de l\u2019autonomie et de la puissance \u00e0 ce dernier, qu\u2019il soit Collaborateur, responsable d\u2019animation de groupe, Chef de projet, Middle manager, Manager ou cadre-Dirigeant.<\/span><\/p>\n<p>[\/et_pb_accordion_item][et_pb_accordion_item title=\u00a0\u00bbA quel moment fait-on appel \u00e0 un coach?\u00a0\u00bb _builder_version=\u00a0\u00bb4.27.4&Prime; _module_preset=\u00a0\u00bbdefault\u00a0\u00bb global_colors_info=\u00a0\u00bb{}\u00a0\u00bb open=\u00a0\u00bboff\u00a0\u00bb]<\/p>\n<p>D\u00e8s lors que l\u2019on ressent le besoin d\u2019\u00eatre accompagn\u00e9(e) dans l\u2019atteinte d\u2019un objectif professionnel et que l\u2019on est motiv\u00e9 \u00e0 se (re)mobiliser.<br \/>Le coaching peut porter sur des objectifs tr\u00e8s vari\u00e9s :<\/p>\n<ul class=\"list2\">\n<li>R\u00e9ussir sa Prise de poste<\/li>\n<li>Gagner en confiance en soi ou\/et en autonomie ou\/et en capacit\u00e9 d\u2019action<\/li>\n<li>Am\u00e9liorer son Management d\u2019\u00e9quipe et\/ou de projet<\/li>\n<li>Faire face et Accompagner le changement<\/li>\n<li>Am\u00e9liorer son Management d\u2019\u00e9quipe et\/ou de projet<\/li>\n<li>Optimiser ses Relations interpersonnelles<\/li>\n<li>Gagner en d\u00e9l\u00e9gation pour se concentrer sur sa r\u00e9elle valeur ajout\u00e9e<\/li>\n<li>Animer et motiver son \u00e9quipe<\/li>\n<li>R\u00e9orienter sa carri\u00e8re professionnelle\u2026<\/li>\n<li>Pr\u00e9parer son d\u00e9part \u00e0 la retraite.<\/li>\n<\/ul>\n<p>[\/et_pb_accordion_item][et_pb_accordion_item title=\u00a0\u00bbQuelle est la mission du coach?\u00a0\u00bb _builder_version=\u00a0\u00bb4.27.4&Prime; _module_preset=\u00a0\u00bbdefault\u00a0\u00bb global_colors_info=\u00a0\u00bb{}\u00a0\u00bb open=\u00a0\u00bboff\u00a0\u00bb]<\/p>\n<p><span>Le coach s\u2019engage \u00e0 apporter tous les moyens, la disponibilit\u00e9 et l\u2019ouverture n\u00e9cessaire au bon d\u00e9roulement de l\u2019accompagnement.<\/span><br \/><span>Il met \u00e0 la disposition de son client toute son exp\u00e9rience, ses connaissances, ses habilet\u00e9s et son r\u00e9seau afin d\u2019aider son client \u00e0 parvenir \u00e0 la r\u00e9ussite.<\/span><br \/><span>Pour ce faire, le coach se doit de se mettre en disposition de comprendre les enjeux professionnels de son client sans toutefois \u00eatre l\u2019expert du m\u00e9tier de celui-ci.<\/span><\/p>\n<p>[\/et_pb_accordion_item][et_pb_accordion_item title=\u00a0\u00bbConcr\u00e8tement comment proc\u00e8de-t-il ?\u00a0\u00bb _builder_version=\u00a0\u00bb4.27.4&Prime; _module_preset=\u00a0\u00bbdefault\u00a0\u00bb global_colors_info=\u00a0\u00bb{}\u00a0\u00bb open=\u00a0\u00bboff\u00a0\u00bb]<\/p>\n<p>Si le client apporte le contenu (la mati\u00e8re) lors du coaching, le coach lui se concentre sur le processus pour :<\/p>\n<ul class=\"list2\">\n<li>D\u00e9couvrir et clarifier ce que le client souhaite accomplir pour \u00e9tablir un contrat fond\u00e9 sur un objectif<\/li>\n<li>Gagner en confiance en soi ou\/et en autonomie ou\/et en capacit\u00e9 d\u2019action<\/li>\n<li>Aider le client \u00e0 identifier ses motivations, ses strat\u00e9gies et ses comp\u00e9tences.<\/li>\n<li>Montrer au client l\u2019ensemble des options qui s\u2019offrent \u00e0 lui.<\/li>\n<li>Confronter le client \u00e0 ses engagements ou \u00e0 sa probl\u00e9matique, si cela peut le faire progresser.<\/li>\n<li>Aider le client \u00e0 d\u00e9voiler l\u2019ensemble des options qui s\u2019offrent \u00e0 lui.<\/li>\n<li>Aider le client \u00e0 produire ses propres solutions et ses strat\u00e9gies.<\/li>\n<\/ul>\n<p>[\/et_pb_accordion_item][et_pb_accordion_item title=\u00a0\u00bbQu&rsquo;attend-il v\u00e9ritablement de son client ?\u00a0\u00bb _builder_version=\u00a0\u00bb4.27.4&Prime; _module_preset=\u00a0\u00bbdefault\u00a0\u00bb global_colors_info=\u00a0\u00bb{}\u00a0\u00bb open=\u00a0\u00bboff\u00a0\u00bb]<\/p>\n<p><span>Il n\u2019a pas v\u00e9ritablement d\u2019attente ou de projet pour son client, car il le consid\u00e8re comme un partenaire.<\/span><br \/><span>Le client reste le seul responsable de ses propres objectifs. En ce sens, le client am\u00e8ne le contenu de l\u2019\u00e9change et reste ma\u00eetre de ce dont il veut parler ou non.<\/span><br \/><span>Le coach posera les bonnes questions, le client trouvera ses r\u00e9ponses.<\/span><\/p>\n<p>[\/et_pb_accordion_item][et_pb_accordion_item title=\u00a0\u00bbQuels sont les besoins des clients qui font appel \u00e0 vous pour du coaching d&rsquo;\u00e9quipe ?\u00a0\u00bb _builder_version=\u00a0\u00bb4.27.4&Prime; _module_preset=\u00a0\u00bbdefault\u00a0\u00bb global_colors_info=\u00a0\u00bb{}\u00a0\u00bb open=\u00a0\u00bboff\u00a0\u00bb]<\/p>\n<p>C\u2019est tr\u00e8s variable et souvent li\u00e9 \u00e0 l\u2019ouverture du dirigeant ou du cadre. Souvent ce dernier a d\u00e9j\u00e0 suivi pour lui-m\u00eame un coaching individuel, mais ce n\u2019est pas un pr\u00e9-requis. les demandes s\u2019articulent autour des th\u00e9matiques suivantes :<\/p>\n<ul class=\"list2\">\n<li>Construction d\u2019une \u00e9quipe performante autour de valeurs partag\u00e9es<\/li>\n<li>D\u00e9veloppement de la proactivit\u00e9<\/li>\n<li>Reconfiguration de l\u2019entreprise ou d\u2019une \u00e9quipe pour s\u2019adapter \u00e0 des changements de l\u2019environnement interne ou\/et externe.<\/li>\n<li>Travail sur la culture de votre entreprise pour optimiser l\u2019appartenance apr\u00e8s une fusion ou un accroissement important.<\/li>\n<li>R\u00e9solution des probl\u00e8mes ou\/et dysfonctionnements relationnels, organisationnels ou op\u00e9rationnels interservices.<\/li>\n<li>\u2026<\/li>\n<\/ul>\n<p>[\/et_pb_accordion_item][et_pb_accordion_item title=\u00a0\u00bbCombien \u00e7a co\u00fbte ?\u00a0\u00bb _builder_version=\u00a0\u00bb4.27.4&Prime; _module_preset=\u00a0\u00bbdefault\u00a0\u00bb global_colors_info=\u00a0\u00bb{}\u00a0\u00bb open=\u00a0\u00bboff\u00a0\u00bb]<\/p>\n<p><span>Notre offre tarifaire d\u2019accompagnement est \u00e9tabli en fonction du type de coaching (Individuel ou \u00e9quipe), du mode de financement envisag\u00e9 (entreprise ou budget personnel) et de la probl\u00e9matique du client. Ce n\u2019est qu\u2019\u00e0 l\u2019issue de l\u2019entretien pr\u00e9alable qu\u2019Altitude vous \u00e9tablit un devis.<\/span><\/p>\n<p>[\/et_pb_accordion_item][et_pb_accordion_item title=\u00a0\u00bbQui sont les coachs d&rsquo;Altitude ?\u00a0\u00bb _builder_version=\u00a0\u00bb4.27.4&Prime; _module_preset=\u00a0\u00bbdefault\u00a0\u00bb global_colors_info=\u00a0\u00bb{}\u00a0\u00bb open=\u00a0\u00bboff\u00a0\u00bb]<\/p>\n<p>Les coachs intervenant pour le compte d\u2019Altitude ont \u00e9t\u00e9 s\u00e9lectionn\u00e9s avec le plus grand soin.<br \/>Aussi poss\u00e8dent-ils tous une :<\/p>\n<ul class=\"list2\">\n<li>certification \u00e0 l\u2019exercice du m\u00e9tier de coach, laquelle a \u00e9t\u00e9 d\u00e9livr\u00e9e apr\u00e8s une formation sp\u00e9cifique de longue dur\u00e9e.<\/li>\n<li>exp\u00e9rience locale et \/ ou nationale \u00e9prouv\u00e9e<\/li>\n<li>comp\u00e9tence et une exp\u00e9rience manag\u00e9riale<\/li>\n<li>ma\u00eetrise de techniques d\u2019intervention (PNL, AT, Process Com \u2026)<\/li>\n<\/ul>\n<p>Par ailleurs, ils ont pour obligation :<\/p>\n<ul class=\"list2\">\n<li>d\u2019actualiser r\u00e9guli\u00e8rement leurs connaissances et pratiques,<\/li>\n<li>se faire superviser et accompagner autant que de besoin, pour prendre du recul et garantir l\u2019efficacit\u00e9 du processus d\u2019accompagnement<\/li>\n<\/ul>\n<p>Enfin, Altitude est respectueuse de la charte d\u00e9ontologique de la Soci\u00e9t\u00e9 Fran\u00e7aise de Coaching, ce qui engage les coachs travaillant pour nous \u00e0 respecter les r\u00e8gles de fonctionnement ci-apr\u00e8s.<\/p>\n<h5>Confidentialit\u00e9\u00a0:<\/h5>\n<p>une totale confidentialit\u00e9 sur toutes les informations \u00e9chang\u00e9es pendant les s\u00e9ances de Coaching.<\/p>\n<h5>Bienveillance :<\/h5>\n<p>le Coach, conseil en Accompagnement Professionnel accueille avec bienveillance la parole de la personne accompagn\u00e9e, sans aucune forme de jugement ni d\u2019\u00e9valuation.<\/p>\n<h5>Libert\u00e9 de parole :<\/h5>\n<p>la personne accompagn\u00e9e peut \u00e9voquer tous les sujets qui la concernent.<\/p>\n<h5>Implication :<\/h5>\n<p>la personne accompagn\u00e9e s\u2019implique dans le processus de Coaching.<\/p>\n<h5>Ponctualit\u00e9 :<\/h5>\n<p>si la personne accompagn\u00e9e arrive en retard, la s\u00e9ance se termine \u00e0 l\u2019heure initialement convenue.<\/p>\n<h5>Restitution :<\/h5>\n<p>aucune restitution du contenu des s\u00e9ances ne pourra \u00eatre r\u00e9alis\u00e9 par le coach \u00e0 l\u2019entreprise. Par contre, la personne accompagn\u00e9e peut pr\u00e9parer une restitution avec son coach.<\/p>\n<h5>Ethique du coach :<\/h5>\n<p>le coach ne r\u00e9alise pas de psychoth\u00e9rapie mais peut conseiller la personne accompagn\u00e9e \u00e0 consulter un psychoth\u00e9rapeute.<\/p>\n<h5>Disponibilit\u00e9 :<\/h5>\n<p>les s\u00e9ances se d\u00e9roulent de pr\u00e9f\u00e9rence dans nos locaux portes ferm\u00e9es avec les t\u00e9l\u00e9phones et portables coup\u00e9s.<\/p>\n<h5>Engagement de moyens :<\/h5>\n<p>le coach s\u2019engage \u00e0 apporter tous les moyens, la disponibilit\u00e9 et l\u2019ouverture n\u00e9cessaire au bon d\u00e9roulement de cet accompagnement.<\/p>\n<p>[\/et_pb_accordion_item][\/et_pb_accordion][\/et_pb_column][\/et_pb_row][et_pb_row column_structure=\u00a0\u00bb3_4,1_4&Prime; _builder_version=\u00a0\u00bb4.27.4&Prime; _module_preset=\u00a0\u00bbdefault\u00a0\u00bb custom_padding=\u00a0\u00bb12px|17px|12px|17px|true|true\u00a0\u00bb border_width_all=\u00a0\u00bb1px\u00a0\u00bb border_color_all=\u00a0\u00bbrgba(0,0,0,0.12)\u00a0\u00bb collapsed=\u00a0\u00bbon\u00a0\u00bb global_colors_info=\u00a0\u00bb{}\u00a0\u00bb][et_pb_column type=\u00a0\u00bb3_4&Prime; _builder_version=\u00a0\u00bb4.27.4&Prime; _module_preset=\u00a0\u00bbdefault\u00a0\u00bb global_colors_info=\u00a0\u00bb{}\u00a0\u00bb][et_pb_text _builder_version=\u00a0\u00bb4.27.4&Prime; _module_preset=\u00a0\u00bbdefault\u00a0\u00bb custom_padding=\u00a0\u00bb15px||||false|false\u00a0\u00bb global_colors_info=\u00a0\u00bb{}\u00a0\u00bb]<\/p>\n<h3 style=\"text-align: center;\"><strong>Vous souhaitez en savoir plus sur cette offre de service ?<\/strong><\/h3>\n<h2><\/h2>\n<p>[\/et_pb_text][\/et_pb_column][et_pb_column type=\u00a0\u00bb1_4&Prime; _builder_version=\u00a0\u00bb4.27.4&Prime; _module_preset=\u00a0\u00bbdefault\u00a0\u00bb global_colors_info=\u00a0\u00bb{}\u00a0\u00bb][et_pb_button button_url=\u00a0\u00bbhttps:\/\/altitudefc.com\/index.php\/contact\u00a0\u00bb button_text=\u00a0\u00bbCONTACTEZ-NOUS\u00a0\u00bb button_alignment=\u00a0\u00bbcenter\u00a0\u00bb _builder_version=\u00a0\u00bb4.27.4&Prime; _module_preset=\u00a0\u00bbdefault\u00a0\u00bb custom_button=\u00a0\u00bbon\u00a0\u00bb button_text_size=\u00a0\u00bb17px\u00a0\u00bb button_text_color=\u00a0\u00bb#FFFFFF\u00a0\u00bb button_bg_color=\u00a0\u00bb#b51dd3&Prime; button_border_radius=\u00a0\u00bb13px\u00a0\u00bb custom_margin=\u00a0\u00bb14px||||false|false\u00a0\u00bb global_colors_info=\u00a0\u00bb{}\u00a0\u00bb][\/et_pb_button][\/et_pb_column][\/et_pb_row][\/et_pb_section]<\/p>\n","protected":false},"excerpt":{"rendered":"<p>Notre approche du coaching Le coaching professionnel est l\u2019accompagnement de personnes ou d\u2019\u00e9quipes pour le d\u00e9veloppement de leurs potentiels et de leurs savoir-faire dans le cadre d\u2019objectifs professionnels. Le coaching professionnel se d\u00e9finit comme une relation suivie dans une p\u00e9riode d\u00e9finie qui permet \u00e0 un client ou un groupe d\u2019obtenir des r\u00e9sultats concrets, mesurables et [&hellip;]<\/p>\n","protected":false},"author":1,"featured_media":0,"parent":0,"menu_order":0,"comment_status":"closed","ping_status":"closed","template":"","meta":{"_et_pb_use_builder":"on","_et_pb_old_content":"","_et_gb_content_width":"","footnotes":""},"class_list":["post-1462","page","type-page","status-publish","hentry"],"_links":{"self":[{"href":"https:\/\/altitudefc.com\/index.php\/wp-json\/wp\/v2\/pages\/1462","targetHints":{"allow":["GET"]}}],"collection":[{"href":"https:\/\/altitudefc.com\/index.php\/wp-json\/wp\/v2\/pages"}],"about":[{"href":"https:\/\/altitudefc.com\/index.php\/wp-json\/wp\/v2\/types\/page"}],"author":[{"embeddable":true,"href":"https:\/\/altitudefc.com\/index.php\/wp-json\/wp\/v2\/users\/1"}],"replies":[{"embeddable":true,"href":"https:\/\/altitudefc.com\/index.php\/wp-json\/wp\/v2\/comments?post=1462"}],"version-history":[{"count":6,"href":"https:\/\/altitudefc.com\/index.php\/wp-json\/wp\/v2\/pages\/1462\/revisions"}],"predecessor-version":[{"id":1569,"href":"https:\/\/altitudefc.com\/index.php\/wp-json\/wp\/v2\/pages\/1462\/revisions\/1569"}],"wp:attachment":[{"href":"https:\/\/altitudefc.com\/index.php\/wp-json\/wp\/v2\/media?parent=1462"}],"curies":[{"name":"wp","href":"https:\/\/api.w.org\/{rel}","templated":true}]}}