{"id":1461,"date":"2026-04-28T14:15:53","date_gmt":"2026-04-28T14:15:53","guid":{"rendered":"https:\/\/altitudefc.com\/?page_id=1461"},"modified":"2026-04-28T14:31:39","modified_gmt":"2026-04-28T14:31:39","slug":"accompagnement-bilans-de-competences","status":"publish","type":"page","link":"https:\/\/altitudefc.com\/index.php\/accompagnement-bilans-de-competences\/","title":{"rendered":"Le Bilan de comp\u00e9tences"},"content":{"rendered":"<p>[et_pb_section fb_built=\u00a0\u00bb1&Prime; _builder_version=\u00a0\u00bb4.27.4&Prime; _module_preset=\u00a0\u00bbdefault\u00a0\u00bb global_colors_info=\u00a0\u00bb{}\u00a0\u00bb][et_pb_row _builder_version=\u00a0\u00bb4.27.4&Prime; _module_preset=\u00a0\u00bbdefault\u00a0\u00bb global_colors_info=\u00a0\u00bb{}\u00a0\u00bb][et_pb_column type=\u00a0\u00bb4_4&Prime; _builder_version=\u00a0\u00bb4.27.4&Prime; _module_preset=\u00a0\u00bbdefault\u00a0\u00bb global_colors_info=\u00a0\u00bb{}\u00a0\u00bb][et_pb_text _builder_version=\u00a0\u00bb4.27.4&Prime; _module_preset=\u00a0\u00bbdefault\u00a0\u00bb background_color=\u00a0\u00bb#DDFFBD\u00a0\u00bb animation_style=\u00a0\u00bbroll\u00a0\u00bb global_colors_info=\u00a0\u00bb{}\u00a0\u00bb]<\/p>\n<p><img loading=\"lazy\" decoding=\"async\" src=\"https:\/\/altitudefc.com\/wp-content\/uploads\/2026\/04\/Stats-BC-2024-2025.jpeg\" width=\"613\" height=\"408\" alt=\"\" class=\"wp-image-1481 alignnone size-full\" style=\"display: block; margin-left: auto; margin-right: auto;\" srcset=\"https:\/\/altitudefc.com\/wp-content\/uploads\/2026\/04\/Stats-BC-2024-2025.jpeg 613w, https:\/\/altitudefc.com\/wp-content\/uploads\/2026\/04\/Stats-BC-2024-2025-480x320.jpeg 480w\" sizes=\"(min-width: 0px) and (max-width: 480px) 480px, (min-width: 481px) 613px, 100vw\" \/><\/p>\n<p>[\/et_pb_text][et_pb_text _builder_version=\u00a0\u00bb4.27.4&Prime; _module_preset=\u00a0\u00bbdefault\u00a0\u00bb global_colors_info=\u00a0\u00bb{}\u00a0\u00bb]<\/p>\n<h2 data-section-id=\"1e3xvtt\" data-start=\"155\" data-end=\"175\"><strong>\ud83c\udfe2 Pr\u00e9sentation<\/strong><\/h2>\n<p data-start=\"176\" data-end=\"408\" style=\"padding-left: 40px;\">ALTITUDE est un <strong data-start=\"192\" data-end=\"227\">centre de bilans de comp\u00e9tences<\/strong>.<br data-start=\"228\" data-end=\"231\" \/>Les accompagnements sont r\u00e9alis\u00e9s par des <strong data-start=\"273\" data-end=\"298\">consultants qualifi\u00e9s<\/strong> (psychologues, conseillers sp\u00e9cialis\u00e9s), disposant d\u2019une expertise, d\u2019une exp\u00e9rience et de qualit\u00e9s humaines.<\/p>\n<p data-start=\"410\" data-end=\"507\" style=\"padding-left: 40px;\">\ud83d\udc49 Engagement : <strong data-start=\"426\" data-end=\"465\">confidentialit\u00e9 totale des \u00e9changes<\/strong>, conform\u00e9ment \u00e0 la charte de d\u00e9ontologie.<\/p>\n<p data-start=\"410\" data-end=\"507\" style=\"padding-left: 40px;\">\n<h2 data-section-id=\"1ez8vf0\" data-start=\"514\" data-end=\"530\"><strong>\ud83c\udfaf Objectif<\/strong><\/h2>\n<p data-start=\"531\" data-end=\"566\" style=\"padding-left: 40px;\">Le bilan de comp\u00e9tences permet de :<\/p>\n<ul>\n<li style=\"list-style-type: none;\">\n<ul data-start=\"567\" data-end=\"715\">\n<li data-section-id=\"c34usl\" data-start=\"567\" data-end=\"625\">analyser ses <strong data-start=\"582\" data-end=\"623\">comp\u00e9tences, aptitudes et motivations<\/strong><\/li>\n<li data-section-id=\"4pt3mg\" data-start=\"626\" data-end=\"668\">construire un <strong data-start=\"642\" data-end=\"666\">projet professionnel<\/strong><\/li>\n<li data-section-id=\"xuiz16\" data-start=\"669\" data-end=\"715\">envisager une <strong data-start=\"685\" data-end=\"715\">\u00e9volution ou une formation<\/strong><\/li>\n<\/ul>\n<\/li>\n<\/ul>\n<p data-start=\"717\" data-end=\"778\" style=\"padding-left: 40px;\">\ud83d\udc49 D\u00e9marche <strong data-start=\"729\" data-end=\"777\">personnelle, volontaire et accessible \u00e0 tous<\/strong>.<\/p>\n<p data-start=\"717\" data-end=\"778\" style=\"padding-left: 40px;\">\n<h2 data-section-id=\"10elorg\" data-start=\"785\" data-end=\"799\"><strong>\ud83d\udc65 Public<\/strong><\/h2>\n<p data-start=\"800\" data-end=\"827\" style=\"padding-left: 40px;\">Le dispositif s\u2019adresse \u00e0 :<\/p>\n<ul>\n<li style=\"list-style-type: none;\">\n<ul data-start=\"828\" data-end=\"910\">\n<li data-section-id=\"19i8u4w\" data-start=\"828\" data-end=\"857\">salari\u00e9s du secteur priv\u00e9<\/li>\n<li data-section-id=\"9bmvzl\" data-start=\"858\" data-end=\"881\">demandeurs d\u2019emploi<\/li>\n<li data-section-id=\"1kxrg41\" data-start=\"882\" data-end=\"910\">agents du secteur public<\/li>\n<\/ul>\n<\/li>\n<\/ul>\n<h2 data-section-id=\"qbvaeq\" data-start=\"917\" data-end=\"936\"><strong><\/strong><\/h2>\n<h2 data-section-id=\"qbvaeq\" data-start=\"917\" data-end=\"936\"><strong>\ud83d\udcb0 Financement<\/strong><\/h2>\n<p data-start=\"937\" data-end=\"967\" style=\"padding-left: 40px;\">Plusieurs solutions existent :<\/p>\n<ul>\n<li style=\"list-style-type: none;\">\n<ul data-start=\"968\" data-end=\"1100\">\n<li data-section-id=\"1kxfbb8\" data-start=\"968\" data-end=\"1011\"><strong data-start=\"970\" data-end=\"1009\">CPF (Compte Personnel de Formation)<\/strong><\/li>\n<li data-section-id=\"1dvw4eo\" data-start=\"1012\" data-end=\"1053\">Plan de d\u00e9veloppement des comp\u00e9tences<\/li>\n<li data-section-id=\"hehv06\" data-start=\"1054\" data-end=\"1100\">Dispositifs sp\u00e9cifiques selon la situation<\/li>\n<\/ul>\n<\/li>\n<\/ul>\n<p data-start=\"1102\" data-end=\"1118\" style=\"padding-left: 40px;\">\ud83d\udc49 Points cl\u00e9s :<\/p>\n<ul>\n<li style=\"list-style-type: none;\">\n<ul data-start=\"1119\" data-end=\"1277\">\n<li data-section-id=\"1mywa12\" data-start=\"1119\" data-end=\"1180\">hors temps de travail : pas d\u2019accord employeur n\u00e9cessaire<\/li>\n<li data-section-id=\"ubyxto\" data-start=\"1181\" data-end=\"1221\">sur temps de travail : accord requis<\/li>\n<li data-section-id=\"10xgjpp\" data-start=\"1222\" data-end=\"1277\">toujours bas\u00e9 sur le <strong data-start=\"1245\" data-end=\"1277\">consentement du b\u00e9n\u00e9ficiaire<\/strong><\/li>\n<\/ul>\n<\/li>\n<\/ul>\n<h2 data-section-id=\"16x3ayu\" data-start=\"1284\" data-end=\"1312\"><strong><\/strong><\/h2>\n<h2 data-section-id=\"16x3ayu\" data-start=\"1284\" data-end=\"1312\"><strong>\ud83e\udded D\u00e9roulement (3 phases)<\/strong><\/h2>\n<h3 data-section-id=\"1upxbnz\" data-start=\"1314\" data-end=\"1342\" style=\"padding-left: 40px;\">1\ufe0f\u20e3 Phase pr\u00e9liminaire<\/h3>\n<p data-start=\"1343\" data-end=\"1390\" style=\"padding-left: 40px;\">Analyse du besoin et d\u00e9finition des modalit\u00e9s<\/p>\n<h3 data-section-id=\"1dnjjm2\" data-start=\"1392\" data-end=\"1423\" style=\"padding-left: 40px;\">2\ufe0f\u20e3 Phase d\u2019investigation<\/h3>\n<p data-start=\"1424\" data-end=\"1474\" style=\"padding-left: 40px;\">Analyse des comp\u00e9tences et \u00e9laboration du projet<\/p>\n<h3 data-section-id=\"1qpvofo\" data-start=\"1476\" data-end=\"1505\" style=\"padding-left: 40px;\">3\ufe0f\u20e3 Phase de conclusion<\/h3>\n<p data-start=\"1506\" data-end=\"1545\" style=\"padding-left: 40px;\">Synth\u00e8se + plan d\u2019action personnalis\u00e9<\/p>\n<p data-start=\"1547\" data-end=\"1632\" style=\"padding-left: 40px;\">\ud83d\udc49 Les r\u00e9sultats sont <strong data-start=\"1569\" data-end=\"1598\">strictement confidentiels<\/strong> et appartiennent au b\u00e9n\u00e9ficiaire.<\/p>\n<h2 data-section-id=\"1dixm1g\" data-start=\"1639\" data-end=\"1652\"><strong><\/strong><\/h2>\n<h2 data-section-id=\"1dixm1g\" data-start=\"1639\" data-end=\"1652\"><strong>\u23f1\ufe0f Dur\u00e9e<\/strong><\/h2>\n<ul>\n<li style=\"list-style-type: none;\">\n<ul data-start=\"1653\" data-end=\"1733\">\n<li data-section-id=\"1l49lts\" data-start=\"1653\" data-end=\"1680\">Maximum : <strong data-start=\"1665\" data-end=\"1678\">24 heures<\/strong><\/li>\n<li data-section-id=\"1dlvrdu\" data-start=\"1681\" data-end=\"1703\">Sur <strong data-start=\"1687\" data-end=\"1701\">2 \u00e0 4 mois<\/strong><\/li>\n<li data-section-id=\"1o4krqd\" data-start=\"1704\" data-end=\"1733\">Entretiens d\u2019environ <strong data-start=\"1727\" data-end=\"1733\">2h<\/strong><\/li>\n<\/ul>\n<\/li>\n<\/ul>\n<h2 data-section-id=\"q35v8r\" data-start=\"1740\" data-end=\"1761\"><strong><\/strong><\/h2>\n<h2 data-section-id=\"q35v8r\" data-start=\"1740\" data-end=\"1761\"><strong>\u23f3 D\u00e9lais d\u2019acc\u00e8s<\/strong><\/h2>\n<p data-start=\"1762\" data-end=\"1817\" style=\"padding-left: 40px;\">D\u00e9marrage possible <strong data-start=\"1781\" data-end=\"1816\">apr\u00e8s validation du financement<\/strong>.<\/p>\n<h2 data-section-id=\"1avg3it\" data-start=\"1824\" data-end=\"1851\"><strong><\/strong><\/h2>\n<h2 data-section-id=\"1avg3it\" data-start=\"1824\" data-end=\"1851\"><strong>\u2696\ufe0f Cadre r\u00e9glementaire<\/strong><\/h2>\n<p data-start=\"1852\" data-end=\"1886\" style=\"padding-left: 40px;\">Dispositif encadr\u00e9 notamment par :<\/p>\n<ul>\n<li style=\"list-style-type: none;\">\n<ul data-start=\"1887\" data-end=\"1945\">\n<li data-section-id=\"1u58yma\" data-start=\"1887\" data-end=\"1914\">Loi du 5 septembre 2018<\/li>\n<li data-section-id=\"drknza\" data-start=\"1915\" data-end=\"1945\">D\u00e9cret du 28 d\u00e9cembre 2018<\/li>\n<\/ul>\n<\/li>\n<\/ul>\n<h2 data-section-id=\"1rgtjef\" data-start=\"1952\" data-end=\"1982\"><strong><\/strong><\/h2>\n<h2 data-section-id=\"1rgtjef\" data-start=\"1952\" data-end=\"1982\"><strong>\ud83d\udd17 Liens utiles\u00a0<\/strong><\/h2>\n<ul>\n<li style=\"list-style-type: none;\">\n<ul data-start=\"1984\" data-end=\"2394\">\n<li data-section-id=\"bj6r7l\" data-start=\"1984\" data-end=\"2142\">Minist\u00e8re du Travail :<br data-start=\"2008\" data-end=\"2011\" \/>\ud83d\udc49 <a data-start=\"2014\" data-end=\"2140\" rel=\"noopener\" target=\"_new\" class=\"decorated-link\" href=\"https:\/\/travail-emploi.gouv.fr\/formation-professionnelle\/droit-a-la-formation-et-orientation-professionnelle\/bilan-competences\">https:\/\/travail-emploi.gouv.fr\/formation-professionnelle\/droit-a-la-formation-et-orientation-professionnelle\/bilan-competences<span aria-hidden=\"true\" class=\"ms-0.5 inline-block align-middle leading-none\"><svg xmlns=\"http:\/\/www.w3.org\/2000\/svg\" width=\"20\" height=\"20\" aria-hidden=\"true\" data-rtl-flip=\"\" class=\"block h-[0.75em] w-[0.75em] stroke-current stroke-[0.75]\"><use href=\"\/cdn\/assets\/sprites-core-97566a9e.svg#304883\" fill=\"currentColor\"><\/use><\/svg><\/span><\/a><\/li>\n<li data-section-id=\"rb4x7m\" data-start=\"2144\" data-end=\"2228\">Service Public :<br data-start=\"2162\" data-end=\"2165\" \/>\ud83d\udc49 <a data-start=\"2168\" data-end=\"2226\" rel=\"noopener\" target=\"_new\" class=\"decorated-link\" href=\"https:\/\/www.service-public.fr\/particuliers\/vosdroits\/F3087\">https:\/\/www.service-public.fr\/particuliers\/vosdroits\/F3087<span aria-hidden=\"true\" class=\"ms-0.5 inline-block align-middle leading-none\"><svg xmlns=\"http:\/\/www.w3.org\/2000\/svg\" width=\"20\" height=\"20\" aria-hidden=\"true\" data-rtl-flip=\"\" class=\"block h-[0.75em] w-[0.75em] stroke-current stroke-[0.75]\"><use href=\"\/cdn\/assets\/sprites-core-97566a9e.svg#304883\" fill=\"currentColor\"><\/use><\/svg><\/span><\/a><\/li>\n<li data-section-id=\"yakv9b\" data-start=\"2230\" data-end=\"2394\"><span class=\"hover:entity-accent entity-underline inline cursor-pointer align-baseline\"><span class=\"whitespace-normal\">P\u00f4le emploi<\/span><\/span> :<br data-start=\"2271\" data-end=\"2274\" \/>\ud83d\udc49 <a data-start=\"2277\" data-end=\"2392\" rel=\"noopener\" target=\"_new\" class=\"decorated-link\" href=\"https:\/\/www.pole-emploi.fr\/candidat\/votre-projet-professionnel\/evaluer-vos-competences\/le-bilan-de-competences.html\">https:\/\/www.pole-emploi.fr\/candidat\/votre-projet-professionnel\/evaluer-vos-competences\/le-bilan-de-competences.html<span aria-hidden=\"true\" class=\"ms-0.5 inline-block align-middle leading-none\"><svg xmlns=\"http:\/\/www.w3.org\/2000\/svg\" width=\"20\" height=\"20\" aria-hidden=\"true\" data-rtl-flip=\"\" class=\"block h-[0.75em] w-[0.75em] stroke-current stroke-[0.75]\"><use href=\"\/cdn\/assets\/sprites-core-97566a9e.svg#304883\" fill=\"currentColor\"><\/use><\/svg><\/span><\/a><\/li>\n<\/ul>\n<\/li>\n<\/ul>\n<h1 data-section-id=\"rbpt75\" data-start=\"2401\" data-end=\"2416\"><strong><\/strong><\/h1>\n<h1 data-section-id=\"rbpt75\" data-start=\"2401\" data-end=\"2416\"><strong>\u2705 En r\u00e9sum\u00e9<\/strong><\/h1>\n<p data-start=\"2417\" data-end=\"2584\" style=\"padding-left: 40px;\">Le bilan de comp\u00e9tences est un <strong data-start=\"2448\" data-end=\"2504\">accompagnement personnalis\u00e9, confidentiel et encadr\u00e9<\/strong>, permettant de s\u00e9curiser et construire un projet professionnel adapt\u00e9 \u00e0 chacun.<\/p>\n<p>[\/et_pb_text][\/et_pb_column][\/et_pb_row][et_pb_row column_structure=\u00a0\u00bb3_4,1_4&Prime; _builder_version=\u00a0\u00bb4.27.4&Prime; _module_preset=\u00a0\u00bbdefault\u00a0\u00bb custom_padding=\u00a0\u00bb12px|17px|12px|17px|true|true\u00a0\u00bb border_width_all=\u00a0\u00bb1px\u00a0\u00bb border_color_all=\u00a0\u00bbrgba(0,0,0,0.12)\u00a0\u00bb collapsed=\u00a0\u00bbon\u00a0\u00bb global_colors_info=\u00a0\u00bb{}\u00a0\u00bb][et_pb_column type=\u00a0\u00bb3_4&Prime; _builder_version=\u00a0\u00bb4.27.4&Prime; _module_preset=\u00a0\u00bbdefault\u00a0\u00bb global_colors_info=\u00a0\u00bb{}\u00a0\u00bb][et_pb_text _builder_version=\u00a0\u00bb4.27.4&Prime; _module_preset=\u00a0\u00bbdefault\u00a0\u00bb custom_padding=\u00a0\u00bb15px||||false|false\u00a0\u00bb global_colors_info=\u00a0\u00bb{}\u00a0\u00bb]<\/p>\n<h3 style=\"text-align: center;\"><strong>Vous souhaitez en savoir plus sur cette offre de service ?<\/strong><\/h3>\n<h2><\/h2>\n<p>[\/et_pb_text][\/et_pb_column][et_pb_column type=\u00a0\u00bb1_4&Prime; _builder_version=\u00a0\u00bb4.27.4&Prime; _module_preset=\u00a0\u00bbdefault\u00a0\u00bb global_colors_info=\u00a0\u00bb{}\u00a0\u00bb][et_pb_button button_url=\u00a0\u00bbhttps:\/\/altitudefc.com\/index.php\/contact\u00a0\u00bb button_text=\u00a0\u00bbCONTACTEZ-NOUS\u00a0\u00bb button_alignment=\u00a0\u00bbcenter\u00a0\u00bb _builder_version=\u00a0\u00bb4.27.4&Prime; _module_preset=\u00a0\u00bbdefault\u00a0\u00bb custom_button=\u00a0\u00bbon\u00a0\u00bb button_text_size=\u00a0\u00bb17px\u00a0\u00bb button_text_color=\u00a0\u00bb#FFFFFF\u00a0\u00bb button_bg_color=\u00a0\u00bb#b51dd3&Prime; button_border_radius=\u00a0\u00bb13px\u00a0\u00bb custom_margin=\u00a0\u00bb14px||||false|false\u00a0\u00bb global_colors_info=\u00a0\u00bb{}\u00a0\u00bb][\/et_pb_button][\/et_pb_column][\/et_pb_row][\/et_pb_section]<\/p>\n","protected":false},"excerpt":{"rendered":"<p>\ud83c\udfe2 Pr\u00e9sentation ALTITUDE est un centre de bilans de comp\u00e9tences.Les accompagnements sont r\u00e9alis\u00e9s par des consultants qualifi\u00e9s (psychologues, conseillers sp\u00e9cialis\u00e9s), disposant d\u2019une expertise, d\u2019une exp\u00e9rience et de qualit\u00e9s humaines. \ud83d\udc49 Engagement : confidentialit\u00e9 totale des \u00e9changes, conform\u00e9ment \u00e0 la charte de d\u00e9ontologie. \ud83c\udfaf Objectif Le bilan de comp\u00e9tences permet de : analyser ses comp\u00e9tences, aptitudes [&hellip;]<\/p>\n","protected":false},"author":1,"featured_media":0,"parent":0,"menu_order":0,"comment_status":"closed","ping_status":"closed","template":"","meta":{"_et_pb_use_builder":"on","_et_pb_old_content":"","_et_gb_content_width":"","footnotes":""},"class_list":["post-1461","page","type-page","status-publish","hentry"],"_links":{"self":[{"href":"https:\/\/altitudefc.com\/index.php\/wp-json\/wp\/v2\/pages\/1461","targetHints":{"allow":["GET"]}}],"collection":[{"href":"https:\/\/altitudefc.com\/index.php\/wp-json\/wp\/v2\/pages"}],"about":[{"href":"https:\/\/altitudefc.com\/index.php\/wp-json\/wp\/v2\/types\/page"}],"author":[{"embeddable":true,"href":"https:\/\/altitudefc.com\/index.php\/wp-json\/wp\/v2\/users\/1"}],"replies":[{"embeddable":true,"href":"https:\/\/altitudefc.com\/index.php\/wp-json\/wp\/v2\/comments?post=1461"}],"version-history":[{"count":10,"href":"https:\/\/altitudefc.com\/index.php\/wp-json\/wp\/v2\/pages\/1461\/revisions"}],"predecessor-version":[{"id":1558,"href":"https:\/\/altitudefc.com\/index.php\/wp-json\/wp\/v2\/pages\/1461\/revisions\/1558"}],"wp:attachment":[{"href":"https:\/\/altitudefc.com\/index.php\/wp-json\/wp\/v2\/media?parent=1461"}],"curies":[{"name":"wp","href":"https:\/\/api.w.org\/{rel}","templated":true}]}}